{"id":89,"date":"2024-09-21T19:48:15","date_gmt":"2024-09-21T17:48:15","guid":{"rendered":"https:\/\/blogs.sindominio.net\/nocopaamerica\/?page_id=89"},"modified":"2024-10-01T02:08:03","modified_gmt":"2024-10-01T00:08:03","slug":"adhesions","status":"publish","type":"page","link":"https:\/\/blogs.sindominio.net\/nocopaamerica\/adhesions\/","title":{"rendered":"Adhesions"},"content":{"rendered":"\n<p>Entitats i plataformes que diuen <strong>#NoALaCopaAm\u00e8rica<\/strong><\/p>\n\n\n\n<ul class=\"wp-block-list\">\n<li>Barceloneta diu prou<\/li>\n\n\n\n<li>Plataforma en Defensa de la Barceloneta<\/li>\n\n\n\n<li>el Nus, Sindicat de Barri del Poblenou<\/li>\n\n\n\n<li>Observatori dels Barris del Poblenou<\/li>\n\n\n\n<li>PHATT<\/li>\n\n\n\n<li>Assemblea de Barri de Sants<\/li>\n\n\n\n<li>Gr\u00e0cia Cap a On Vas?<\/li>\n\n\n\n<li>Associaci\u00f3 de ve\u00efns l&#8217;\u00d2stia<\/li>\n\n\n\n<li>Associaci\u00f3 Ve\u00efnal Som Barri<\/li>\n\n\n\n<li>Gr\u00e0cia Rep\u00fablica<\/li>\n\n\n\n<li>Associaci\u00f3 Cultural el raval &#8211; El Lokal<\/li>\n\n\n\n<li>Fem Sant Antoni<\/li>\n\n\n\n<li>Acci\u00f3 Raval<\/li>\n\n\n\n<li>Xarxa Ve\u00efnal del Raval<\/li>\n\n\n\n<li>Raval Rebel<\/li>\n\n\n\n<li>Habitem les Drassanes<\/li>\n\n\n\n<li>Associaci\u00f3 Ve\u00efnal Casc Antic<\/li>\n\n\n\n<li>AVV del barri G\u00f2tic<\/li>\n\n\n\n<li>AAVV del Clot Camp de l\u2019Arpa<\/li>\n\n\n\n<li>Associaci\u00f3 Ve\u00efnal Som Barri<\/li>\n\n\n\n<li>La Negreta del G\u00f2tic<\/li>\n\n\n\n<li>Resistim al G\u00f2tic<\/li>\n\n\n\n<li>Fem Front al Turisme a Sants<\/li>\n\n\n\n<li>Assemblea de Barris pel Decreixement Tur\u00edstic<\/li>\n\n\n\n<li>Fem Sant Antoni<\/li>\n\n\n\n<li>Agita&#8217;t Gr\u00e0cia<\/li>\n\n\n\n<li>Assemblea 15M Sarri\u00e0-St. Gervasi<\/li>\n\n\n\n<li>Torrent Gr\u00e0cia<\/li>\n\n\n\n<li>Casal Independentista de l&#8217;Eixample La Cru\u00eflla<\/li>\n\n\n\n<li>l&#8217;Octubre, Casal Independentista del Poblenou<\/li>\n\n\n\n<li>Casal Independentista Jaume Compte<\/li>\n\n\n\n<li>Casal Independentista El Noi Baliarda<\/li>\n\n\n\n<li>Ateneu popular i independentista la iaia<\/li>\n\n\n\n<li>Associaci\u00f3 Cultural el raval &#8211; El Lokal<\/li>\n\n\n\n<li>Zeroport, plataforma pel decreixement del port i l&#8217;aeroport<\/li>\n\n\n\n<li>Stop Jocs Ol\u00edmpics<\/li>\n\n\n\n<li>Aturem Hard Rock<\/li>\n\n\n\n<li>No Ens Vendreu La Moto &#8211; Aturem el PDU del Circuit<\/li>\n\n\n\n<li>ARBA Litoral<\/li>\n\n\n\n<li>Sindicat Alt Maresme<\/li>\n\n\n\n<li>Aigua \u00e9s Vida<\/li>\n\n\n\n<li>La Foixarda vilanovina<\/li>\n\n\n\n<li>Intersindical Alternativa de Catalunya &#8211; IAC<\/li>\n\n\n\n<li>CGT Catalunya<\/li>\n\n\n\n<li>Sindicat d&#8217;Estudiants dels Pa\u00efsos Catalans (SEPC)<\/li>\n\n\n\n<li>Ecologistes en Acci\u00f3 de Catalunya<\/li>\n\n\n\n<li>Associaci\u00f3 ecologista La Horda<\/li>\n\n\n\n<li>Rebel\u00b7li\u00f3 o Extinci\u00f3 Barcelona<\/li>\n\n\n\n<li>Rebel\u00b7li\u00f3 o Extinci\u00f3 Girona (XRGirona)<\/li>\n\n\n\n<li>CICrA Justicia Ambiental<\/li>\n\n\n\n<li>Research &amp; Degrowth<\/li>\n\n\n\n<li>Observatori Cr\u00edtic del Canvi Clim\u00e0tic<\/li>\n\n\n\n<li>DEPANA<\/li>\n\n\n\n<li>Moviment per l&#8217;Aigua P\u00fablica i Democr\u00e0tica a l&#8217;AMB (MAPiD)<\/li>\n\n\n\n<li>colapsistas.com<\/li>\n\n\n\n<li>Ca la Dona<\/li>\n\n\n\n<li>Novembre Feminista<\/li>\n\n\n\n<li>Feministes de Gr\u00e0cia<\/li>\n\n\n\n<li>L&#8217;Associaci\u00f3 de Drets Sexuals i Reproductius<\/li>\n\n\n\n<li>Periferia Cimarronas<\/li>\n\n\n\n<li>Putas Libertarias Raval<\/li>\n\n\n\n<li>Putas Indignadas<\/li>\n\n\n\n<li>SODEPAU<\/li>\n\n\n\n<li>Un Altre Hospitalet \u00e9s Possible<\/li>\n\n\n\n<li>Xarxa Cooperasec<\/li>\n\n\n\n<li>Ateneu Cooperatiu La Base<\/li>\n\n\n\n<li>Embat &#8211; Organitzaci\u00f3 Anarquista de Catalunya<\/li>\n\n\n\n<li>Xarxes Locals d\u2019Economia Solid\u00e0ria de Barcelona (XES Barcelona)<\/li>\n\n\n\n<li>La Dinamo Fundaci\u00f3 per l\u2019Habitatge Cooperatiu<\/li>\n\n\n\n<li>La Borda (cooperativa d&#8217;habitatge)<\/li>\n\n\n\n<li>El Teler (cooperativa d\u2019habitatge)<\/li>\n\n\n\n<li>Ateneu L&#8217;Harmonia<\/li>\n\n\n\n<li>La Garrofera de Sants<\/li>\n\n\n\n<li>Col\u00b7lectiu Punt 6 SCCL<\/li>\n\n\n\n<li>Voltes cooperativa d&#8217;arquitectura SCCL<\/li>\n\n\n\n<li>Grup de consum La Sardineta<\/li>\n\n\n\n<li>La Comunal SCCL<\/li>\n\n\n\n<li>Impuls Cooperatiu de Sants<\/li>\n\n\n\n<li>Associaci\u00f3 de mans a terra<\/li>\n\n\n\n<li>Sindicat de Llogateres de Catalunya<\/li>\n\n\n\n<li>Sindicat Habitatge de Gr\u00e0cia<\/li>\n\n\n\n<li>Sindicat d&#8217;Habitatge de Vallcarca<\/li>\n\n\n\n<li>Grup Habitatge Sants<\/li>\n\n\n\n<li>Sindicat de Barri del Poble Sec<\/li>\n\n\n\n<li>PAH Barcelona<\/li>\n\n\n\n<li>Observatori DESCA<\/li>\n\n\n\n<li>Asociaci\u00f3n Cultural Las afueras<\/li>\n\n\n\n<li>Stop Mare Mortum Sants, Hostafrancs i la Bordeta<\/li>\n\n\n\n<li>Alba Sud<\/li>\n\n\n\n<li>ATTAC-Catalunya<\/li>\n\n\n\n<li>Agrupament Escolta Rakxa<\/li>\n\n\n\n<li>Cambium Permacultura en Formaci\u00f3n<\/li>\n\n\n\n<li>La Conxita, llibreria<\/li>\n\n\n\n<li>Enginyeria Sense Fronteres<\/li>\n\n\n\n<li>Iaioflautas<\/li>\n\n\n\n<li>Comissi\u00f3 Rep\u00fablicana de Catalunya<\/li>\n\n\n\n<li>Salvem CAP La Sagrera<\/li>\n\n\n\n<li>AVV La Sagrera<\/li>\n\n\n\n<li>Nau Bostik<\/li>\n\n\n\n<li>XHOCC (Observ. Habitatge Clot-Camp de l\u2019Arpa)<\/li>\n\n\n\n<li>Les Vilaretes<\/li>\n\n\n\n<li>LAICA (Lliure Associaci\u00f3 Italo Catalana Antifeixista<\/li>\n\n\n\n<li>LA PERA COMUNICACI\u00d3 SCCL<\/li>\n\n\n\n<li>GOB Mallorca<\/li>\n\n\n\n<li>Casal Popular Independentista l&#8217;\u00c0nonima del Clot<\/li>\n\n\n\n<li>A Granel SCCL<\/li>\n\n\n\n<li>Consell Tur\u00f3 de la Rovira<\/li>\n\n\n\n<li>Userda9 Cooperativa consum responsable a 9 barris<\/li>\n\n\n\n<li>Casals de joves de Catalunya<\/li>\n\n\n\n<li>Celobert<\/li>\n\n\n\n<li>Casal de Joves Xiroc<\/li>\n\n\n\n<li>Gimn\u00e0s Social Sant Pau SCCL<\/li>\n\n\n\n<li>Colectivo Puertos<\/li>\n\n\n\n<li>La Intersindical<\/li>\n\n\n\n<li>Arran<\/li>\n\n\n\n<li>CoopNet SCCL<\/li>\n\n\n\n<li>Associaci\u00f3 Arc\u00e0dia de Can Batll\u00f3<\/li>\n\n\n\n<li>Endavant (OSAN)<\/li>\n\n\n\n<li>Horts Comunitaris CMD<\/li>\n\n\n\n<li>Casal Popular Tres Voltes Rebel<\/li>\n\n\n\n<li>Xarxa de Consum Solidari<\/li>\n\n\n\n<li>Associaci\u00f3 Germanetes Jardins d&#8217;Emma<\/li>\n\n\n\n<li>Centre de Documentaci\u00f3 de Ca la Dona<\/li>\n\n\n\n<li>Horts Comunitaris CMD<\/li>\n\n\n\n<li>Sindicat d\u2019Habitatge del Casc Antic<\/li>\n\n\n\n<li>Antiga Massana<\/li>\n\n\n\n<li>Esplais Catalans &#8211; Esplac<\/li>\n\n\n\n<li>Ateneu la Torna<\/li>\n\n\n\n<li>Associacio Entrepobles<\/li>\n\n\n\n<li>Hort okupat Ca La Trava<\/li>\n<\/ul>\n","protected":false},"excerpt":{"rendered":"<p>Entitats i plataformes que diuen #NoALaCopaAm\u00e8rica<\/p>\n","protected":false},"author":252,"featured_media":0,"parent":0,"menu_order":0,"comment_status":"closed","ping_status":"closed","template":"","meta":{"footnotes":""},"class_list":["post-89","page","type-page","status-publish","hentry"],"_links":{"self":[{"href":"https:\/\/blogs.sindominio.net\/nocopaamerica\/wp-json\/wp\/v2\/pages\/89","targetHints":{"allow":["GET"]}}],"collection":[{"href":"https:\/\/blogs.sindominio.net\/nocopaamerica\/wp-json\/wp\/v2\/pages"}],"about":[{"href":"https:\/\/blogs.sindominio.net\/nocopaamerica\/wp-json\/wp\/v2\/types\/page"}],"author":[{"embeddable":true,"href":"https:\/\/blogs.sindominio.net\/nocopaamerica\/wp-json\/wp\/v2\/users\/252"}],"replies":[{"embeddable":true,"href":"https:\/\/blogs.sindominio.net\/nocopaamerica\/wp-json\/wp\/v2\/comments?post=89"}],"version-history":[{"count":8,"href":"https:\/\/blogs.sindominio.net\/nocopaamerica\/wp-json\/wp\/v2\/pages\/89\/revisions"}],"predecessor-version":[{"id":138,"href":"https:\/\/blogs.sindominio.net\/nocopaamerica\/wp-json\/wp\/v2\/pages\/89\/revisions\/138"}],"wp:attachment":[{"href":"https:\/\/blogs.sindominio.net\/nocopaamerica\/wp-json\/wp\/v2\/media?parent=89"}],"curies":[{"name":"wp","href":"https:\/\/api.w.org\/{rel}","templated":true}]}}