{"id":23,"date":"2024-09-01T12:40:00","date_gmt":"2024-09-01T10:40:00","guid":{"rendered":"https:\/\/blogs.sindominio.net\/nocopaamerica\/?page_id=23"},"modified":"2024-10-16T13:04:21","modified_gmt":"2024-10-16T11:04:21","slug":"23-2","status":"publish","type":"page","link":"https:\/\/blogs.sindominio.net\/nocopaamerica\/","title":{"rendered":""},"content":{"rendered":"\n<div class=\"wp-block-cover alignfull has-parallax portada\" style=\"margin-top:0;margin-bottom:0;padding-top:var(--wp--preset--spacing--50);padding-right:var(--wp--preset--spacing--50);padding-bottom:var(--wp--preset--spacing--50);padding-left:var(--wp--preset--spacing--50);min-height:100vh;aspect-ratio:unset;\"><span aria-hidden=\"true\" class=\"wp-block-cover__background has-base-background-color has-background-dim-0 has-background-dim\"><\/span><div role=\"img\" aria-label=\"No a la Copa Am\u00e8rica de vela de Barcelona\" class=\"wp-block-cover__image-background wp-image-31 has-parallax\" style=\"background-position:50% 50%;background-image:url(https:\/\/blogs.sindominio.net\/nocopaamerica\/files\/2024\/09\/img_portada-2.jpg)\"><\/div><div class=\"wp-block-cover__inner-container has-global-padding is-layout-constrained wp-container-core-cover-is-layout-fdf6a232 wp-block-cover-is-layout-constrained\">\n<p class=\"has-text-align-center has-large-font-size\">&nbsp;<\/p>\n<\/div><\/div>\n\n\n\n<div class=\"wp-block-group alignfull has-base-2-color has-contrast-background-color has-text-color has-background has-link-color wp-elements-b2dab94440b025ed41e4aef85ca3316b has-global-padding is-layout-constrained wp-container-core-group-is-layout-facafb6f wp-block-group-is-layout-constrained\" style=\"margin-top:0;margin-bottom:0;padding-top:var(--wp--preset--spacing--50);padding-right:var(--wp--preset--spacing--50);padding-bottom:var(--wp--preset--spacing--50);padding-left:var(--wp--preset--spacing--50)\">\n<div class=\"wp-block-group alignwide has-global-padding is-layout-constrained wp-block-group-is-layout-constrained\">\n<div class=\"wp-block-columns alignwide is-layout-flex wp-container-core-columns-is-layout-d1c656ed wp-block-columns-is-layout-flex\">\n<div class=\"wp-block-column has-contrast-background-color has-background is-layout-flow wp-block-column-is-layout-flow\" style=\"border-style:none;border-width:0px;padding-top:0;padding-right:0;padding-bottom:0;padding-left:0;flex-basis:50%\">\n<figure class=\"wp-block-image size-large has-custom-border\"><img decoding=\"async\" src=\"https:\/\/blogs.sindominio.net\/nocopaamerica\/files\/2024\/09\/NOCOPA_CARTELL.jpg\" alt=\"\" class=\"wp-image-33\" style=\"border-style:none;border-width:0px\" \/><\/figure>\n\n\n\n<h2 class=\"wp-block-heading has-base-color has-text-color has-link-color wp-elements-2ceae028e469708d40e03a0342e44cda\">Els barris de Barcelona diem NO a la Copa Am\u00e8rica<\/h2>\n\n\n\n<p style=\"padding-top:0;padding-right:0;padding-bottom:0;padding-left:0\"><strong>1. Qu\u00e8 \u00e9s la Copa Am\u00e8rica?<\/strong><\/p>\n\n\n\n<p style=\"padding-right:0;padding-left:0\"><strong>Una competici\u00f3 de vela elitista, sense cap tradici\u00f3 ni seguiment a la nostra ciutat.<\/strong><\/p>\n\n\n\n<p><strong>Hi participen sis equips de grans empreses<\/strong> de sis pa\u00efsos diferents. No hi haur\u00e0 cap equip local.<\/p>\n\n\n\n<p>Es celebrar\u00e0 del <strong>22 d\u2019agost al 20 d\u2019octubre<\/strong> d\u2019enguany.<\/p>\n\n\n\n<p><strong>2. Quins efectes tindr\u00e0 a la ciutat?<\/strong><\/p>\n\n\n\n<p>L&#8217;ajuntament i l\u2019organitzaci\u00f3 estan venent que comportar\u00e0 l\u2019arribada de 2,5 milions de turistes i m\u00e9s de 1200 M\u20ac de benefici, per\u00f2 enlloc expliquen com han estimat aquestes xifres. Les primeres setmanes de competici\u00f3 estan demostrant que m\u00e9s aviat s\u00f3n falses i molt superiors a les reals.<\/p>\n\n\n\n<p>Els impactes de la Copa Am\u00e8rica, tot i aix\u00ed, ja s\u00f3n evidents. Entre d\u2019altres:<\/p>\n\n\n\n<p>&#8211; S\u2019ha privatitzat i elititzat bona part del litoral: Race Village, \u00abFan zones\u00bb i \u00abhospitalities\u00bb amb entrades a 1000 \u20ac.<\/p>\n\n\n\n<p>&#8211; La majoria de pisos dels barris del litoral estan ja destinats al lloguer de temporada a preus astron\u00f2mics.<\/p>\n\n\n\n<p>&#8211; Ha augmentat la pres\u00e8ncia de iots de luxe de gran eslora i tota la seva contaminaci\u00f3 associada.<\/p>\n\n\n\n<p>Per\u00f2 m\u00e9s enll\u00e0 d\u2019aix\u00f2, l\u2019aprofundiment en el model de ciutat basat en els macroesdeveniments i en el turisme precaritza encara m\u00e9s les vides de la majoria de la poblaci\u00f3 i omple les butxaques de quatre rics.<\/p>\n\n\n\n<p><strong>3. Quant ens costar\u00e0?<\/strong><\/p>\n\n\n\n<p>Les administracions s\u00f3n opaques respecte dels costos de la Copa Am\u00e8rica. Per\u00f2 l\u2019aportaci\u00f3 de diners p\u00fablics seria d\u2019<strong>entre 70 i 80 milions<\/strong>, gran part a fons perdut.<\/p>\n<\/div>\n\n\n\n<div class=\"wp-block-column is-vertically-aligned-stretch is-layout-flow wp-container-core-column-is-layout-2686da28 wp-block-column-is-layout-flow\" style=\"border-style:none;border-width:0px;padding-right:0;flex-basis:50%\">\n<p><strong>4. I el cost ambiental?<\/strong><\/p>\n\n\n\n<p>Tot i que no s\u2019ha fet cap estudi d\u2019impacte i ens venen la idea que essent una competici\u00f3 de vela no fa servir vaixells contaminants, <strong>cada equip porta una flota de naus de suport, per no parlar dels<br>equips de la televisi\u00f3 i dels iots de luxe que vindran a seguir la competici\u00f3<\/strong>.<\/p>\n\n\n\n<p>A m\u00e9s, molts dels <strong>2 milions i mig de visitants previstos arribaran en avi\u00f3 i es despla\u00e7aran en cotxe<\/strong>.<\/p>\n\n\n\n<p><strong>Un turista de luxe a Barcelona consumeix 5 vegades m\u00e9s aigua <\/strong>que una persona resident a Barcelona. I en plena sequera <strong>cadasc\u00fa dels equips de la Copa Am\u00e8rica gasta 5.000 litres d\u2019aigua al dia per rentar els seus vaixells<\/strong>.<\/p>\n\n\n\n<p><strong>5. Deixar\u00e0 beneficis?<\/strong><\/p>\n\n\n\n<p>Les ciutats de <strong>Val\u00e8ncia i d\u2019Auckland<\/strong>, seus de les edicions anteriors, <strong>no han volgut repetir l\u2019<\/strong><strong>experi\u00e8ncia<\/strong><strong>, per les p\u00e8rdues ingents <\/strong>que l\u2019esdeveniment els va causar.<\/p>\n\n\n\n<p><strong>6. Crear\u00e0 llocs de treball?<\/strong><\/p>\n\n\n\n<p><strong>Els llocs de treball <\/strong>que generen aquests<br>grans esdeveniments en l\u2019\u00e0mbit local <strong>s\u00f3n<br>estacionals i mal pagats<\/strong>.<\/p>\n\n\n\n<div style=\"height:16px\" aria-hidden=\"true\" class=\"wp-block-spacer wp-embed-aspect-16-9 wp-has-aspect-ratio\"><\/div>\n\n\n\n<figure class=\"wp-block-embed is-type-video is-provider-youtube wp-block-embed-youtube wp-embed-aspect-16-9 wp-has-aspect-ratio\"><div class=\"wp-block-embed__wrapper\">\n<iframe loading=\"lazy\" title=\"Qu\u00e8 \u00e9s la Copa Am\u00e8rica?\" width=\"500\" height=\"281\" src=\"https:\/\/www.youtube.com\/embed\/rsCoHHPKezI?feature=oembed\" frameborder=\"0\" allow=\"accelerometer; autoplay; clipboard-write; encrypted-media; gyroscope; picture-in-picture; web-share\" referrerpolicy=\"strict-origin-when-cross-origin\" allowfullscreen><\/iframe>\n<\/div><\/figure>\n\n\n\n<figure class=\"wp-block-embed is-type-video is-provider-youtube wp-block-embed-youtube wp-embed-aspect-16-9 wp-has-aspect-ratio\"><div class=\"wp-block-embed__wrapper\">\n<iframe loading=\"lazy\" title=\"13O Manifestaci\u00f3 No a la Copa Am\u00e8rica\" width=\"500\" height=\"281\" src=\"https:\/\/www.youtube.com\/embed\/HWqA3L7FW1c?feature=oembed\" frameborder=\"0\" allow=\"accelerometer; autoplay; clipboard-write; encrypted-media; gyroscope; picture-in-picture; web-share\" referrerpolicy=\"strict-origin-when-cross-origin\" allowfullscreen><\/iframe>\n<\/div><\/figure>\n\n\n\n<figure class=\"wp-block-embed is-type-video is-provider-youtube wp-block-embed-youtube wp-embed-aspect-16-9 wp-has-aspect-ratio\"><div class=\"wp-block-embed__wrapper\">\n<iframe loading=\"lazy\" title=\"Bany popular No Copa Am\u00e8rica - Montarme en tu velero\" width=\"500\" height=\"281\" src=\"https:\/\/www.youtube.com\/embed\/A4LlhGlCgF4?feature=oembed\" frameborder=\"0\" allow=\"accelerometer; autoplay; clipboard-write; encrypted-media; gyroscope; picture-in-picture; web-share\" referrerpolicy=\"strict-origin-when-cross-origin\" allowfullscreen><\/iframe>\n<\/div><\/figure>\n\n\n\n<figure class=\"wp-block-embed is-type-video is-provider-youtube wp-block-embed-youtube wp-embed-aspect-16-9 wp-has-aspect-ratio\"><div class=\"wp-block-embed__wrapper\">\n<iframe loading=\"lazy\" title=\"Sou el mal\" width=\"500\" height=\"281\" src=\"https:\/\/www.youtube.com\/embed\/FrHPYb68Bvs?feature=oembed\" frameborder=\"0\" allow=\"accelerometer; autoplay; clipboard-write; encrypted-media; gyroscope; picture-in-picture; web-share\" referrerpolicy=\"strict-origin-when-cross-origin\" allowfullscreen><\/iframe>\n<\/div><\/figure>\n<\/div>\n<\/div>\n<\/div>\n<\/div>\n","protected":false},"excerpt":{"rendered":"<p>Els barris de Barcelona diem NO a la Copa Am\u00e8rica 1. Qu\u00e8 \u00e9s la Copa Am\u00e8rica? Una competici\u00f3 de vela elitista, sense cap tradici\u00f3 ni seguiment a la nostra ciutat. Hi participen sis equips de grans empreses de sis pa\u00efsos diferents. No hi haur\u00e0 cap equip local. Es celebrar\u00e0 del 22 d\u2019agost al 20 d\u2019octubre [&hellip;]<\/p>\n","protected":false},"author":248,"featured_media":0,"parent":0,"menu_order":0,"comment_status":"closed","ping_status":"closed","template":"","meta":{"footnotes":""},"class_list":["post-23","page","type-page","status-publish","hentry"],"_links":{"self":[{"href":"https:\/\/blogs.sindominio.net\/nocopaamerica\/wp-json\/wp\/v2\/pages\/23","targetHints":{"allow":["GET"]}}],"collection":[{"href":"https:\/\/blogs.sindominio.net\/nocopaamerica\/wp-json\/wp\/v2\/pages"}],"about":[{"href":"https:\/\/blogs.sindominio.net\/nocopaamerica\/wp-json\/wp\/v2\/types\/page"}],"author":[{"embeddable":true,"href":"https:\/\/blogs.sindominio.net\/nocopaamerica\/wp-json\/wp\/v2\/users\/248"}],"replies":[{"embeddable":true,"href":"https:\/\/blogs.sindominio.net\/nocopaamerica\/wp-json\/wp\/v2\/comments?post=23"}],"version-history":[{"count":43,"href":"https:\/\/blogs.sindominio.net\/nocopaamerica\/wp-json\/wp\/v2\/pages\/23\/revisions"}],"predecessor-version":[{"id":151,"href":"https:\/\/blogs.sindominio.net\/nocopaamerica\/wp-json\/wp\/v2\/pages\/23\/revisions\/151"}],"wp:attachment":[{"href":"https:\/\/blogs.sindominio.net\/nocopaamerica\/wp-json\/wp\/v2\/media?parent=23"}],"curies":[{"name":"wp","href":"https:\/\/api.w.org\/{rel}","templated":true}]}}