{"id":14,"date":"2024-09-01T11:44:04","date_gmt":"2024-09-01T09:44:04","guid":{"rendered":"https:\/\/blogs.sindominio.net\/nocopaamerica\/?page_id=14"},"modified":"2024-10-16T13:02:19","modified_gmt":"2024-10-16T11:02:19","slug":"material","status":"publish","type":"page","link":"https:\/\/blogs.sindominio.net\/nocopaamerica\/material\/","title":{"rendered":"Material"},"content":{"rendered":"\n<h2 class=\"wp-block-heading\">Cartells<\/h2>\n\n\n\n<figure class=\"wp-block-image\"><img decoding=\"async\" src=\"https:\/\/blogs.sindominio.net\/nocopaamerica\/files\/2024\/09\/NOCOPA_CARTELL.jpg\" alt=\"\" class=\"wp-image-33\" \/><\/figure>\n\n\n\n<p>Cartell Manifestaci\u00f3 (13 d&#8217;Octubre 2024)<\/p>\n\n\n\n<p><a href=\"https:\/\/mega.nz\/file\/mqIBRDrT#RB-2rrpm-WMDlBf-AC9bx_c_vbuJaBnDJHljGIv6sE8\">Versi\u00f3 del Cartell Manifestaci\u00f3 13-Oct a alta resoluci\u00f3<\/a><\/p>\n\n\n\n<hr class=\"wp-block-separator has-alpha-channel-opacity\" \/>\n\n\n\n<figure class=\"wp-block-image\"><img decoding=\"async\" src=\"https:\/\/blogs.sindominio.net\/nocopaamerica\/files\/2024\/09\/cartell_bany.jpg\" alt=\"\" class=\"wp-image-33\" \/><\/figure>\n\n\n\n<p>Cartell del &#8220;Bany popular&#8221; (7 sept. 2024)<\/p>\n\n\n\n<hr class=\"wp-block-separator has-alpha-channel-opacity\" \/>\n\n\n\n<h2 class=\"wp-block-heading\">V\u00eddeos<\/h2>\n\n\n\n<figure class=\"wp-block-embed is-type-video is-provider-youtube wp-block-embed-youtube wp-embed-aspect-16-9 wp-has-aspect-ratio\"><div class=\"wp-block-embed__wrapper\">\n<iframe loading=\"lazy\" title=\"Qu\u00e8 \u00e9s la Copa Am\u00e8rica?\" width=\"500\" height=\"281\" src=\"https:\/\/www.youtube.com\/embed\/rsCoHHPKezI?feature=oembed\" frameborder=\"0\" allow=\"accelerometer; autoplay; clipboard-write; encrypted-media; gyroscope; picture-in-picture; web-share\" referrerpolicy=\"strict-origin-when-cross-origin\" allowfullscreen><\/iframe>\n<\/div><\/figure>\n\n\n\n<p><a href=\"https:\/\/www.youtube.com\/watch?v=rsCoHHPKezI\" data-type=\"link\" data-id=\"https:\/\/www.youtube.com\/watch?v=rsCoHHPKezI\">V\u00eddeo &#8220;Qu\u00e8 \u00e9s la Copa Am\u00e8rica?&#8221;<\/a><\/p>\n\n\n\n<hr class=\"wp-block-separator has-alpha-channel-opacity\" \/>\n\n\n\n<figure class=\"wp-block-embed is-type-video is-provider-youtube wp-block-embed-youtube wp-embed-aspect-16-9 wp-has-aspect-ratio\"><div class=\"wp-block-embed__wrapper\">\n<iframe loading=\"lazy\" title=\"13O Manifestaci\u00f3 No a la Copa Am\u00e8rica\" width=\"500\" height=\"281\" src=\"https:\/\/www.youtube.com\/embed\/HWqA3L7FW1c?feature=oembed\" frameborder=\"0\" allow=\"accelerometer; autoplay; clipboard-write; encrypted-media; gyroscope; picture-in-picture; web-share\" referrerpolicy=\"strict-origin-when-cross-origin\" allowfullscreen><\/iframe>\n<\/div><\/figure>\n\n\n\n<p><a href=\"https:\/\/youtu.be\/HWqA3L7FW1c\" data-type=\"link\" data-id=\"https:\/\/www.youtube.com\/watch?v=rsCoHHPKezI\">V\u00eddeo &#8220;13O Manifestaci\u00f3 No Copa Am\u00e8rica \u00e9s la Copa Am\u00e8rica?&#8221;<\/a><\/p>\n\n\n\n<hr class=\"wp-block-separator has-alpha-channel-opacity\" \/>\n\n\n\n<figure class=\"wp-block-embed is-type-video is-provider-youtube wp-block-embed-youtube wp-embed-aspect-16-9 wp-has-aspect-ratio\"><div class=\"wp-block-embed__wrapper\">\n<iframe loading=\"lazy\" title=\"Sou el mal\" width=\"500\" height=\"281\" src=\"https:\/\/www.youtube.com\/embed\/FrHPYb68Bvs?feature=oembed\" frameborder=\"0\" allow=\"accelerometer; autoplay; clipboard-write; encrypted-media; gyroscope; picture-in-picture; web-share\" referrerpolicy=\"strict-origin-when-cross-origin\" allowfullscreen><\/iframe>\n<\/div><\/figure>\n\n\n\n<p><a href=\"https:\/\/www.youtube.com\/watch?v=FrHPYb68Bvs\" data-type=\"link\" data-id=\"https:\/\/www.youtube.com\/watch?v=FrHPYb68Bvs\">V\u00eddeo &#8220;Sou el mal&#8221;<\/a><\/p>\n\n\n\n<hr class=\"wp-block-separator has-alpha-channel-opacity\" \/>\n\n\n\n<figure class=\"wp-block-embed is-type-video is-provider-youtube wp-block-embed-youtube wp-embed-aspect-16-9 wp-has-aspect-ratio\"><div class=\"wp-block-embed__wrapper\">\n<iframe loading=\"lazy\" title=\"Bany popular No Copa Am\u00e8rica\" width=\"500\" height=\"281\" src=\"https:\/\/www.youtube.com\/embed\/m2nDFLKo4ks?feature=oembed\" frameborder=\"0\" allow=\"accelerometer; autoplay; clipboard-write; encrypted-media; gyroscope; picture-in-picture; web-share\" referrerpolicy=\"strict-origin-when-cross-origin\" allowfullscreen><\/iframe>\n<\/div><\/figure>\n\n\n\n<p><a href=\"https:\/\/www.youtube.com\/watch?v=m2nDFLKo4ks\" data-type=\"link\" data-id=\"https:\/\/www.youtube.com\/watch?v=FrHPYb68Bvs\">V\u00eddeo &#8220;Bany popular No Copa Am\u00e8rica&#8221;<\/a><\/p>\n\n\n\n<hr class=\"wp-block-separator has-alpha-channel-opacity\" \/>\n\n\n\n<figure class=\"wp-block-embed is-type-video is-provider-youtube wp-block-embed-youtube wp-embed-aspect-16-9 wp-has-aspect-ratio\"><div class=\"wp-block-embed__wrapper\">\n<iframe loading=\"lazy\" title=\"Bany popular No Copa Am\u00e8rica - Montarme en tu velero\" width=\"500\" height=\"281\" src=\"https:\/\/www.youtube.com\/embed\/A4LlhGlCgF4?feature=oembed\" frameborder=\"0\" allow=\"accelerometer; autoplay; clipboard-write; encrypted-media; gyroscope; picture-in-picture; web-share\" referrerpolicy=\"strict-origin-when-cross-origin\" allowfullscreen><\/iframe>\n<\/div><\/figure>\n\n\n\n<p><a href=\"https:\/\/www.youtube.com\/watch?v=A4LlhGlCgF4\" data-type=\"link\" data-id=\"https:\/\/www.youtube.com\/watch?v=FrHPYb68Bvs\">V\u00eddeo &#8220;Bany popular No Copa Am\u00e8rica &#8211; Montarme en tu velero&#8221;<\/a><\/p>\n\n\n\n<hr class=\"wp-block-separator has-alpha-channel-opacity\" \/>\n\n\n\n<figure class=\"wp-block-embed is-type-video is-provider-youtube wp-block-embed-youtube\"><div class=\"wp-block-embed__wrapper\">\n<iframe loading=\"lazy\" title=\"Manipulacions de la Copa Am\u00e8rica\" width=\"500\" height=\"281\" src=\"https:\/\/www.youtube.com\/embed\/gFbMEiDRQCY?feature=oembed\" frameborder=\"0\" allow=\"accelerometer; autoplay; clipboard-write; encrypted-media; gyroscope; picture-in-picture; web-share\" referrerpolicy=\"strict-origin-when-cross-origin\" allowfullscreen><\/iframe>\n<\/div><\/figure>\n\n\n\n<p><a href=\"https:\/\/www.youtube.com\/watch?v=gFbMEiDRQCY\" data-type=\"link\" data-id=\"https:\/\/www.youtube.com\/watch?v=FrHPYb68Bvs\">V\u00eddeo &#8220;Manipulacions de la Copa Am\u00e8rica I&#8221;<\/a><\/p>\n\n\n\n<hr class=\"wp-block-separator has-alpha-channel-opacity\" \/>\n\n\n\n<figure class=\"wp-block-embed is-type-video is-provider-youtube wp-block-embed-youtube wp-embed-aspect-4-3 wp-has-aspect-ratio\"><div class=\"wp-block-embed__wrapper\">\n<iframe loading=\"lazy\" title=\"Manipulacions de la Copa Am\u00e8rica II\" width=\"500\" height=\"375\" src=\"https:\/\/www.youtube.com\/embed\/LbUHbyfIk6Y?feature=oembed\" frameborder=\"0\" allow=\"accelerometer; autoplay; clipboard-write; encrypted-media; gyroscope; picture-in-picture; web-share\" referrerpolicy=\"strict-origin-when-cross-origin\" allowfullscreen><\/iframe>\n<\/div><\/figure>\n\n\n\n<p><a href=\"https:\/\/www.youtube.com\/watch?v=LbUHbyfIk6Y\" data-type=\"link\" data-id=\"https:\/\/www.youtube.com\/watch?v=FrHPYb68Bvs\">V\u00eddeo &#8220;Manipulacions de la Copa Am\u00e8rica II&#8221;<\/a><\/p>\n\n\n\n<hr class=\"wp-block-separator has-alpha-channel-opacity\" \/>\n\n\n\n<figure class=\"wp-block-embed is-type-video is-provider-youtube wp-block-embed-youtube wp-embed-aspect-16-9 wp-has-aspect-ratio\"><div class=\"wp-block-embed__wrapper\">\n<iframe loading=\"lazy\" title=\"Manipulacions de la Copa Am\u00e8rica III\" width=\"500\" height=\"281\" src=\"https:\/\/www.youtube.com\/embed\/xKm4Z_gyfmM?feature=oembed\" frameborder=\"0\" allow=\"accelerometer; autoplay; clipboard-write; encrypted-media; gyroscope; picture-in-picture; web-share\" referrerpolicy=\"strict-origin-when-cross-origin\" allowfullscreen><\/iframe>\n<\/div><\/figure>\n\n\n\n<p><a href=\"https:\/\/www.youtube.com\/watch?v=xKm4Z_gyfmM\" data-type=\"link\" data-id=\"https:\/\/www.youtube.com\/watch?v=FrHPYb68Bvs\">V\u00eddeo &#8220;Manipulacions de la Copa Am\u00e8rica III<\/a><\/p>\n\n\n\n<hr class=\"wp-block-separator has-alpha-channel-opacity\" \/>\n\n\n\n<h2 class=\"wp-block-heading\">Logotips<\/h2>\n\n\n\n<p>Logotip en blanc<\/p>\n\n\n\n<figure class=\"wp-block-image\"><img decoding=\"async\" src=\"https:\/\/blogs.sindominio.net\/nocopaamerica\/files\/2024\/09\/logo1.jpg\" alt=\"\" class=\"wp-image-33\" \/><\/figure>\n\n\n\n<hr class=\"wp-block-separator has-alpha-channel-opacity\" \/>\n\n\n\n<figure class=\"wp-block-image\"><img decoding=\"async\" src=\"https:\/\/blogs.sindominio.net\/nocopaamerica\/files\/2024\/09\/logo3.jpg\" alt=\"\" class=\"wp-image-33\" \/><\/figure>\n\n\n\n<hr class=\"wp-block-separator has-alpha-channel-opacity\" \/>\n\n\n\n<figure class=\"wp-block-image\"><img decoding=\"async\" src=\"https:\/\/blogs.sindominio.net\/nocopaamerica\/files\/2024\/09\/logo5.jpg\" alt=\"\" class=\"wp-image-33\" \/><\/figure>\n\n\n\n<hr class=\"wp-block-separator has-alpha-channel-opacity\" \/>\n\n\n\n<p>Logotip en vermell<\/p>\n\n\n\n<figure class=\"wp-block-image\"><img decoding=\"async\" src=\"https:\/\/blogs.sindominio.net\/nocopaamerica\/files\/2024\/09\/logo2.jpg\" alt=\"\" class=\"wp-image-33\" \/><\/figure>\n\n\n\n<hr class=\"wp-block-separator has-alpha-channel-opacity\" \/>\n\n\n\n<figure class=\"wp-block-image\"><img decoding=\"async\" src=\"https:\/\/blogs.sindominio.net\/nocopaamerica\/files\/2024\/09\/logo4.jpg\" alt=\"\" class=\"wp-image-33\" \/><\/figure>\n\n\n\n<hr class=\"wp-block-separator has-alpha-channel-opacity\" \/>\n\n\n\n<figure class=\"wp-block-image\"><img decoding=\"async\" src=\"https:\/\/blogs.sindominio.net\/nocopaamerica\/files\/2024\/09\/logo6.jpg\" alt=\"\" class=\"wp-image-33\" \/><\/figure>\n","protected":false},"excerpt":{"rendered":"<p>Cartells Cartell Manifestaci\u00f3 (13 d&#8217;Octubre 2024) Versi\u00f3 del Cartell Manifestaci\u00f3 13-Oct a alta resoluci\u00f3 Cartell del &#8220;Bany popular&#8221; (7 sept. 2024) V\u00eddeos V\u00eddeo &#8220;Qu\u00e8 \u00e9s la Copa Am\u00e8rica?&#8221; V\u00eddeo &#8220;13O Manifestaci\u00f3 No Copa Am\u00e8rica \u00e9s la Copa Am\u00e8rica?&#8221; V\u00eddeo &#8220;Sou el mal&#8221; V\u00eddeo &#8220;Bany popular No Copa Am\u00e8rica&#8221; V\u00eddeo &#8220;Bany popular No Copa Am\u00e8rica &#8211; [&hellip;]<\/p>\n","protected":false},"author":248,"featured_media":0,"parent":0,"menu_order":0,"comment_status":"closed","ping_status":"closed","template":"","meta":{"footnotes":""},"class_list":["post-14","page","type-page","status-publish","hentry"],"_links":{"self":[{"href":"https:\/\/blogs.sindominio.net\/nocopaamerica\/wp-json\/wp\/v2\/pages\/14","targetHints":{"allow":["GET"]}}],"collection":[{"href":"https:\/\/blogs.sindominio.net\/nocopaamerica\/wp-json\/wp\/v2\/pages"}],"about":[{"href":"https:\/\/blogs.sindominio.net\/nocopaamerica\/wp-json\/wp\/v2\/types\/page"}],"author":[{"embeddable":true,"href":"https:\/\/blogs.sindominio.net\/nocopaamerica\/wp-json\/wp\/v2\/users\/248"}],"replies":[{"embeddable":true,"href":"https:\/\/blogs.sindominio.net\/nocopaamerica\/wp-json\/wp\/v2\/comments?post=14"}],"version-history":[{"count":11,"href":"https:\/\/blogs.sindominio.net\/nocopaamerica\/wp-json\/wp\/v2\/pages\/14\/revisions"}],"predecessor-version":[{"id":147,"href":"https:\/\/blogs.sindominio.net\/nocopaamerica\/wp-json\/wp\/v2\/pages\/14\/revisions\/147"}],"wp:attachment":[{"href":"https:\/\/blogs.sindominio.net\/nocopaamerica\/wp-json\/wp\/v2\/media?parent=14"}],"curies":[{"name":"wp","href":"https:\/\/api.w.org\/{rel}","templated":true}]}}