{"id":25747,"date":"2025-12-15T13:47:11","date_gmt":"2025-12-15T12:47:11","guid":{"rendered":"https:\/\/blogs.sindominio.net\/lacinetika\/?page_id=25747"},"modified":"2025-12-15T13:47:13","modified_gmt":"2025-12-15T12:47:13","slug":"reflexions-sobre-la-infiltracio-policial","status":"publish","type":"page","link":"https:\/\/blogs.sindominio.net\/lacinetika\/reflexions-sobre-la-infiltracio-policial\/","title":{"rendered":"REFLEXIONS SOBRE LA INFILTRACI\u00d3 POLICIAL"},"content":{"rendered":"\n<figure class=\"wp-block-image size-full\"><img loading=\"lazy\" decoding=\"async\" width=\"945\" height=\"591\" src=\"https:\/\/blogs.sindominio.net\/lacinetika\/files\/2025\/12\/11.png\" alt=\"\" class=\"wp-image-25748\" srcset=\"https:\/\/blogs.sindominio.net\/lacinetika\/files\/2025\/12\/11.png 945w, https:\/\/blogs.sindominio.net\/lacinetika\/files\/2025\/12\/11-300x188.png 300w, https:\/\/blogs.sindominio.net\/lacinetika\/files\/2025\/12\/11-768x480.png 768w\" sizes=\"auto, (max-width: 945px) 100vw, 945px\" \/><\/figure>\n\n\n\n<p>[CAT]Sense ser part de les bases, l&#8217;experi\u00e8ncia viscuda arran de la infiltraci\u00f3 policial en la Cin\u00e8tika, ha generat l&#8217;adopci\u00f3 d&#8217;una s\u00e8rie d&#8217;acords i reflexions que considerem essencials per a l&#8217;espai.<\/p>\n\n\n\n<p>L&#8217;any 2023 descobrim que en la Cin\u00e8tika hi havia hagut un policia nacional infiltrat durant gaireb\u00e9 tres anys. Aix\u00f2 va sacsejar completament a la comunitat de la Cin\u00e8tika, i es va generar una gran mobilitzaci\u00f3 en resposta, aix\u00ed com la realitzaci\u00f3 d&#8217;un taller antirepressiu, una assemblea emocional i un taller de seguretat inform\u00e0tica.<\/p>\n\n\n\n<p>Dos anys m\u00e9s tard s&#8217;ha tingut una assemblea extraordin\u00e0ria de reflexi\u00f3 sobre aquest succ\u00e9s, a partir de la qual s&#8217;han tret les seg\u00fcents reflexions i acords:<\/p>\n\n\n\n<ul class=\"wp-block-list\">\n<li>La Cin\u00e8tika \u00e9s un centre social amb vocaci\u00f3 de ser un lloc obert a la participaci\u00f3 del ve\u00efnat i de qualsevol persona que vulgui participar en ell.<\/li>\n<\/ul>\n\n\n\n<p>Considerem que l&#8217;arrelament en el territori i la diversitat de les persones que, despr\u00e9s de 10 anys de centre social, participen en ell, \u00e9s una de les qualitats de la Cin\u00e8tika que m\u00e9s valorem. Aquesta obertura permet acost\u00e9s a espais de milit\u00e0ncia a persones a les quals aquesta li \u00e9s aliena, accedir a activitats allunyades de les l\u00f2giques neoliberals de consum i serveix de trobada per a diferents persones i projectes pol\u00edtics.<\/p>\n\n\n\n<p>Som conscients que l&#8217;obertura de l&#8217;espai pot ser utilitzada per l&#8217;aparell repressiu de l&#8217;estat, sent les infiltracions policials una de les seves conseq\u00fc\u00e8ncies. Tanmateix, valorem que, malgrat aix\u00f2, \u00e9s m\u00e9s valu\u00f3s per al moviment i per al propi espai mantenir l&#8217;obertura d&#8217;aquest, ja que en la pr\u00f2pia obertura est\u00e0 una de les principals eines per a fer front a la repressi\u00f3.<br>Pensem que la infiltraci\u00f3, com a forma de repressi\u00f3 preventiva, compleix els seus objectius, no sols a trav\u00e9s de la sostracci\u00f3 d&#8217;informaci\u00f3 sobre les milit\u00e0ncies de base, sin\u00f3 tamb\u00e9 per la reacci\u00f3 de desmobilitzaci\u00f3, desconfian\u00e7a i ruptura que genera una vegada descoberta. Per aix\u00f2 mateix, mantenir espais oberts, acollidors i diversos continua sent la nostra aposta pol\u00edtica.<\/p>\n\n\n\n<ul class=\"wp-block-list\">\n<li>Com a projecte pol\u00edtic que pret\u00e9n confrontar les estructures de dominaci\u00f3 i transforma la realitat, sabem que la repressi\u00f3 \u00e9s una realitat en la nostra pr\u00e0ctica pol\u00edtica de la qual hem de ser conscients i preparar-nos per a afrontar-la. Les infiltracions policials, com a part d&#8217;aquesta repressi\u00f3, no s&#8217;escapen a aquesta l\u00f2gica. Per aix\u00f2, com a espai volem posar l&#8217;atenci\u00f3 a refor\u00e7ar cont\u00ednuament la cohesi\u00f3 i la formaci\u00f3 interna de car\u00e0cter antirepressiu, com a principals eines per a fer-la front.<\/li>\n<\/ul>\n\n\n\n<ul class=\"wp-block-list\">\n<li>Ens reiterem tamb\u00e9 en la import\u00e0ncia de ser capaces d&#8217;elaborar una resposta pol\u00edtica contundent, amb capacitat d&#8217;an\u00e0lisi i de creaci\u00f3 d&#8217;una narrativa pr\u00f2pia, de manera que la polititzaci\u00f3 dels casos repressius serveixi com a eina fonamental per a afrontar-los.<\/li>\n<\/ul>\n\n\n\n<p>En aquest sentit, som conscients que la nostra capacitat de fer arribar la nostra an\u00e0lisi a altres entorns \u00e9s limitada en comparaci\u00f3 amb l&#8217;impacte medi\u00e0tic de partits pol\u00edtics i mitjans de comunicaci\u00f3 amb agenda pol\u00edtica pr\u00f2pia. No obstant aix\u00f2, aquesta limitaci\u00f3 lluny de desmer\u00e8ixer el treball de donar una resposta pol\u00edtica pr\u00f2pia, la fa encara m\u00e9s necess\u00e0ria en el seu paper d&#8217;essencial de desmuntar i problematizar la narrativa hegem\u00f2nica.<\/p>\n\n\n\n<p>Per aix\u00f2, incidim concretament en la import\u00e0ncia de mantenir la nostra autonomia front agents externs, com a partits i mitjans de comunicaci\u00f3.<\/p>\n\n\n\n<p>Els seg\u00fcents enlla\u00e7os s\u00f3n els diferents comunicats que es van treure quan es va fer p\u00fablica la infiltraci\u00f3 policial:<\/p>\n\n\n\n<p>https:\/\/lacinetika.wordpress.com\/2023\/02\/02\/comunicat-de-la-cinetika-entorn-al-policia-infiltrat-a-lespai\/<br>https:\/\/lacinetika.wordpress.com\/2023\/04\/18\/desenmascarem-la-infiltracio-campanya-politica-i-dagitacio\/<\/p>\n\n\n\n<p>[CAST] Sin ser parte de las bases, la experiencia vivida a ra\u00edz de la infiltraci\u00f3n policial en la Cin\u00e8tika, ha generado la adopci\u00f3n de una serie de acuerdos y reflexiones que consideramos esenciales para el espacio.<\/p>\n\n\n\n<p>En el a\u00f1o 2023 descubrimos que en la Cin\u00e8tika hab\u00eda habido un polic\u00eda nacional infiltrado durante casi tres a\u00f1os. Esto sacudi\u00f3 por entero a la comunidad de la Cin\u00e8tika, y se gener\u00f3 una gran movilizaci\u00f3n en respuesta, as\u00ed como la realizaci\u00f3n de un taller antirrepresivo, una asamblea emocional y un taller de seguridad inform\u00e1tica.<\/p>\n\n\n\n<p>Dos a\u00f1os m\u00e1s tarde se ha tenido una asamblea extraordinaria de reflexi\u00f3n sobre este suceso, a partir de la cual se han sacado las siguientes reflexiones y acuerdos:<\/p>\n\n\n\n<ul class=\"wp-block-list\">\n<li>La Cin\u00e8tika es un centro social con vocaci\u00f3n de ser un lugar abierto a la participaci\u00f3n del vecindario y de cualquier persona que quiera participar en \u00e9l. Consideramos que el arraigo en el territorio y la diversidad de las personas que, despu\u00e9s de 10 a\u00f1os de centro social, participan en \u00e9l, es una de las cualidades de la Cin\u00e8tika que m\u00e1s valoramos. Esta apertura permite acercase a espacios de militancia a personas a las que esta le es ajena, acceder a actividades alejadas de las l\u00f3gicas neoliberales de consumo y sirve de encuentro para diferentes personas y proyectos pol\u00edticos.<\/li>\n<\/ul>\n\n\n\n<p>Somos conscientes que la apertura del espacio puede ser utilizada por el aparato represivo del estado, siendo las infiltraciones policiales una de sus consecuencias. Sin embargo, valoramos que, a pesar de ello, es m\u00e1s valioso para el movimiento y para el propio espacio mantener la apertura de este, ya que en la propia apertura est\u00e1 una de las principales herramientas para hacer frente a la represi\u00f3n.<\/p>\n\n\n\n<p>Pensamos que la infiltraci\u00f3n, en tanto que forma de represi\u00f3n preventiva, cumple sus objetivos, no solo a trav\u00e9s de la sustracci\u00f3n de informaci\u00f3n sobre las militancias de base, sino tambi\u00e9n por la reacci\u00f3n de desmovilizaci\u00f3n, desconfianza y ruptura que genera una vez descubierta. Por ello mismo, mantener espacios abiertos, acogedores y diversos sigue siendo nuestra apuesta pol\u00edtica.<\/p>\n\n\n\n<ul class=\"wp-block-list\">\n<li>Como proyecto pol\u00edtico que pretende confrontar las estructuras de dominaci\u00f3n y transforma la realidad, sabemos que la represi\u00f3n es una realidad en nuestra pr\u00e1ctica pol\u00edtica de la que debemos ser conscientes y prepararnos para afrontarla. Las infiltraciones policiales, como parte de esta represi\u00f3n, no se escapan a esta l\u00f3gica. Por ello, como espacio queremos poner la atenci\u00f3n en reforzar continuamente la cohesi\u00f3n y la formaci\u00f3n interna de car\u00e1cter antirrepresivo, como principales herramientas para hacerla frente. <\/li>\n\n\n\n<li>Nos reiteramos tambi\u00e9n en la importancia de ser capaces de elaborar una respuesta pol\u00edtica contundente, con capacidad de an\u00e1lisis y de creaci\u00f3n de una narrativa propia, de manera que la politizaci\u00f3n de los casos represivos sirva como herramienta fundamental para afrontarlos.<\/li>\n<\/ul>\n\n\n\n<p>En este sentido, somos conscientes de que nuestra capacidad de hacer llegar nuestro an\u00e1lisis a otros entornos es limitada en comparaci\u00f3n con el impacto medi\u00e1tico de partidos pol\u00edticos y medios de comunicaci\u00f3n con agenda pol\u00edtica propia. Sin embargo, esta limitaci\u00f3n lejos de desmerecer el trabajo de dar una respuesta pol\u00edtica propia, la hace a\u00fan m\u00e1s necesaria en su papel de esencial de desmontar y problematizar la narrativa hegem\u00f3nica.<\/p>\n\n\n\n<p>Por ello, incidimos concretamente en la importancia de mantener nuestra autonom\u00eda frente agentes externos, como partidos y medios de comunicaci\u00f3n.<\/p>\n\n\n\n<p>Los siguientes enlaces son los diferentes comunicados que se sacaron cuando se hizo p\u00fablica la infiltraci\u00f3n policial:<\/p>\n\n\n\n<figure class=\"wp-block-embed is-type-wp-embed is-provider-la-cin-tika wp-block-embed-la-cin-tika\"><div class=\"wp-block-embed__wrapper\">\n<blockquote class=\"wp-embedded-content\" data-secret=\"UxVoMyZ4nG\"><a href=\"https:\/\/lacinetika.wordpress.com\/2023\/02\/02\/comunicat-de-la-cinetika-entorn-al-policia-infiltrat-a-lespai\/\">Comunicat de La Cin\u00e8tika entorn al policia infiltrat a&nbsp;l&#8217;espai<\/a><\/blockquote><iframe loading=\"lazy\" class=\"wp-embedded-content\" sandbox=\"allow-scripts\" security=\"restricted\" style=\"position: absolute; visibility: hidden;\" title=\"&#8220;Comunicat de La Cin\u00e8tika entorn al policia infiltrat a&nbsp;l&#8217;espai&#8221; &#8212; La Cin\u00e8tika\" src=\"https:\/\/lacinetika.wordpress.com\/2023\/02\/02\/comunicat-de-la-cinetika-entorn-al-policia-infiltrat-a-lespai\/embed\/#?secret=qK9MRbvvpx#?secret=UxVoMyZ4nG\" data-secret=\"UxVoMyZ4nG\" width=\"500\" height=\"282\" frameborder=\"0\" marginwidth=\"0\" marginheight=\"0\" scrolling=\"no\"><\/iframe>\n<\/div><\/figure>\n\n\n\n<p><a href=\"https:\/\/lacinetika.wordpress.com\/2023\/04\/18\/desenmascarem-la-infiltracio-campanya-politica-i-dagitacio\/\">https:\/\/lacinetika.wordpress.com\/2023\/04\/18\/desenmascarem-la-infiltracio-campanya-politica-i-dagitacio\/<\/a><\/p>\n","protected":false},"excerpt":{"rendered":"<div class=\"mh-excerpt\"><p>[CAT]Sense ser part de les bases, l&#8217;experi\u00e8ncia viscuda arran de la infiltraci\u00f3 policial en la Cin\u00e8tika, ha generat l&#8217;adopci\u00f3 d&#8217;una s\u00e8rie d&#8217;acords i reflexions que considerem essencials per a l&#8217;espai. L&#8217;any 2023 descobrim que en la Cin\u00e8tika hi havia hagut un policia nacional infiltrat durant gaireb\u00e9 tres anys. Aix\u00f2 va <a class=\"mh-excerpt-more\" href=\"https:\/\/blogs.sindominio.net\/lacinetika\/reflexions-sobre-la-infiltracio-policial\/\" title=\"REFLEXIONS SOBRE LA INFILTRACI\u00d3 POLICIAL\">[&#8230;]<\/a><\/p>\n<\/div>","protected":false},"author":261,"featured_media":0,"parent":0,"menu_order":0,"comment_status":"closed","ping_status":"closed","template":"","meta":{"footnotes":""},"class_list":["post-25747","page","type-page","status-publish","hentry"],"jetpack_sharing_enabled":true,"_links":{"self":[{"href":"https:\/\/blogs.sindominio.net\/lacinetika\/wp-json\/wp\/v2\/pages\/25747","targetHints":{"allow":["GET"]}}],"collection":[{"href":"https:\/\/blogs.sindominio.net\/lacinetika\/wp-json\/wp\/v2\/pages"}],"about":[{"href":"https:\/\/blogs.sindominio.net\/lacinetika\/wp-json\/wp\/v2\/types\/page"}],"author":[{"embeddable":true,"href":"https:\/\/blogs.sindominio.net\/lacinetika\/wp-json\/wp\/v2\/users\/261"}],"replies":[{"embeddable":true,"href":"https:\/\/blogs.sindominio.net\/lacinetika\/wp-json\/wp\/v2\/comments?post=25747"}],"version-history":[{"count":1,"href":"https:\/\/blogs.sindominio.net\/lacinetika\/wp-json\/wp\/v2\/pages\/25747\/revisions"}],"predecessor-version":[{"id":25749,"href":"https:\/\/blogs.sindominio.net\/lacinetika\/wp-json\/wp\/v2\/pages\/25747\/revisions\/25749"}],"wp:attachment":[{"href":"https:\/\/blogs.sindominio.net\/lacinetika\/wp-json\/wp\/v2\/media?parent=25747"}],"curies":[{"name":"wp","href":"https:\/\/api.w.org\/{rel}","templated":true}]}}