{"id":25718,"date":"2025-12-15T12:57:40","date_gmt":"2025-12-15T11:57:40","guid":{"rendered":"https:\/\/blogs.sindominio.net\/lacinetika\/?page_id=25718"},"modified":"2025-12-15T12:57:42","modified_gmt":"2025-12-15T11:57:42","slug":"assemblearisme-i-horitzontalitat","status":"publish","type":"page","link":"https:\/\/blogs.sindominio.net\/lacinetika\/assemblearisme-i-horitzontalitat\/","title":{"rendered":"ASSEMBLEARISME I HORITZONTALITAT"},"content":{"rendered":"\n<figure class=\"wp-block-image size-full\"><img loading=\"lazy\" decoding=\"async\" width=\"945\" height=\"590\" src=\"https:\/\/blogs.sindominio.net\/lacinetika\/files\/2025\/12\/2.png\" alt=\"\" class=\"wp-image-25719\" srcset=\"https:\/\/blogs.sindominio.net\/lacinetika\/files\/2025\/12\/2.png 945w, https:\/\/blogs.sindominio.net\/lacinetika\/files\/2025\/12\/2-300x187.png 300w, https:\/\/blogs.sindominio.net\/lacinetika\/files\/2025\/12\/2-768x479.png 768w\" sizes=\"auto, (max-width: 945px) 100vw, 945px\" \/><\/figure>\n\n\n\n<p>[CAT] Hem optat pel assemblearismo com a forma d&#8217;organitzaci\u00f3, ja que pensem que aquesta \u00e9s l&#8217;opci\u00f3 on es garanteix una major participaci\u00f3 des de la diversitat. En prendre&#8217;s les decisions mitjan\u00e7ant consens o adhesions es busca no imposar una resoluci\u00f3 per sobre de les voluntats d&#8217;altres persones presents. Per a aix\u00f2, s&#8217;obren a debat en les assemblees els diferents temes i es fomenta l&#8217;exposici\u00f3 de diferents arguments, fins a l&#8217;arribada d&#8217;un consens com\u00fa a totes les persones presents en l&#8217;assemblea.<br>Les diferents individualitats expressen els seus acords o desacords amb les idees expressades per altres persones, afegint matisos o observacions, que enriqueixen els acords finals amb consideracions que no tenen cabuda en altres models de participaci\u00f3.<br>Les bases de la Cin\u00e8tika funcionen com a acords fundacionals b\u00e0sics, que tot individualitat i projecte ha de respectar, per a garantir uns m\u00ednims organitzatius i pol\u00edtics comuns a totes les parts implicades en l&#8217;espai. Aquestes bases no es poden modificar, excepte per a establir l&#8217;ampliaci\u00f3 de determinats posicionaments pol\u00edtics.<br>Per a garantir la major horitzontalitat possible, s&#8217;ha generat una estructura organitzativa basada en rols rotatius i canals de comunicaci\u00f3 oficials. D&#8217;aquesta manera l&#8217;\u00f2rgan de decisi\u00f3 de la Cin\u00e8tika \u00e9s l&#8217;assemblea general que se celebra el primer i el tercer diumenge de mes a les 18 h, i de la qual pengen les comissions de treball i els grups de treball.<br>Els projectes de la Cin\u00e8tika estan obligats a assistir en les assemblees de gesti\u00f3 de l&#8217;espai, participar en les diferents comissions i grups de treball, aix\u00ed com a contribuir en les jornades de feina i els torns de neteja.<br>Les comissions de treball, s\u00f3n grups amb car\u00e0cter permanent i estables en el temps que duen a terme tasques tem\u00e0tiques concretes:<br>\u2022 Comissi\u00f3 de manteniment<br>\u2022 Comissi\u00f3 de comunicaci\u00f3<br>\u2022 Comissi\u00f3 de dinamitzaci\u00f3<br>\u2022 Comissi\u00f3 d&#8217;agitaci\u00f3<br>\u2022 Comissi\u00f3 de g\u00e8nere<br>Aquestes comissions estan formades per persones dels diferents projectes de la Cin\u00e8tika que giren (idealment) una vegada a l&#8217;any. S&#8217;establir\u00e0 un per\u00edode de diversos mesos per a assegurar el trasp\u00e0s d&#8217;aprenentatges a les noves persones integrants de la rotaci\u00f3.<br>Els grups de treball, s\u00f3n per contra grups de car\u00e0cter temporal, que desapareixen una vegada que s&#8217;hagi complert l&#8217;objectiu pel qual es van crear, i que tamb\u00e9 estan formats per persones dels diferents projectes.<br>A m\u00e9s de les assemblees generals, podran programar-se assemblees extraordin\u00e0ries per a debatre temes concrets, que, per la seva complexitat, import\u00e0ncia, l&#8217;exist\u00e8ncia d&#8217;un dissens bloquejat o el requeriment d&#8217;un major temps de debat i reflexi\u00f3, necessiten de la dedicaci\u00f3 d&#8217;assemblea en exclusiva. Aquestes assemblees es programaran en els diumenges en els quals no estigui programada una assemblea general ordin\u00e0ria.<br>Amb l&#8217;objectiu d&#8217;evitar la reobertura de debats recents, de garantir la rotaci\u00f3 dels rols i de fer trasp\u00e0s i valoraci\u00f3 de l&#8217;activitat de l&#8217;any anterior, cada any al comen\u00e7ament del curs escolar es realitzen unes jornades anuals internes. Els acords presos en aquestes jornades tenen vocaci\u00f3 de perman\u00e8ncia en el temps, almenys durant l&#8217;any seg\u00fcent al seu establiment, no podent-se debatre de nou, fins a les seg\u00fcents jornades anuals.<br>Finalment, la participaci\u00f3 en la Cin\u00e8tika es vehicula a trav\u00e9s de tres categories diferents:<br>\u2022 Individualitats: s\u00f3n les persones que decideixen participar en l&#8217;espai, b\u00e9 a trav\u00e9s de la seva vinculaci\u00f3 a un projecte, o b\u00e9 participant directament en l&#8217;assemblea general i les seves comissions. No podran participar en les assemblees de la Cin\u00e8tika individualitats adscrites a cap partit pol\u00edtic o c\u00e0rrec de representaci\u00f3.<\/p>\n\n\n\n<p>Tot i que les assemblees generals de gesti\u00f3 de l&#8217;espai s\u00f3n obertes a qualsevol individualitat que ho desitgi i que compleixi amb els criteris anteriors, independentment que aquesta formi part d&#8217;un projecte, es fa una crida a la responsabilitat d&#8217;aquestes individualitats, convidant-les al fet que s&#8217;integrin en algun dels projectes, amb l&#8217;objectiu d&#8217;evitar persones amb rols permanents de gesti\u00f3, desconnectades de l&#8217;activitat quotidiana de l&#8217;espai i l&#8217;acumulaci\u00f3 de poder que aix\u00f2 pot arribar a generar.<\/p>\n\n\n\n<p>\u2022 Projectes: s\u00f3n les iniciatives d&#8217;activitats regulars que es duen a terme en la Cin\u00e8tika, estan formades per individualitats, la participaci\u00f3 \u00e9s lliure i gratu\u00efta, i han de respectar i anar concordes a la resta de les bases de l&#8217;espai. Els projectes han de participar en les assemblees i la resta d&#8217;\u00f2rgans de gesti\u00f3 de l&#8217;espai.<\/p>\n\n\n\n<p>\u2022 Col\u00b7lectius: La Cin\u00e8tika, t\u00e9 la intenci\u00f3 de fomentar els projectes pol\u00edtics de milit\u00e0ncia de base afins als valors de l&#8217;espai. Per aix\u00f2, s&#8217;ofereix a diferents col\u00b7lectius l&#8217;oportunitat d&#8217;utilitzar la Cin\u00e8tika com a espai de reuni\u00f3 i de realitzaci\u00f3 de les seves activitats. Els col\u00b7lectius que es reuneixin en la Cin\u00e8tika, queden exempts de participar en les rondes de neteja i les jornades de feina, per a evitar una sobrec\u00e0rrega de treball a majors de la seva activitat pol\u00edtica, encara que poden participar si volunt\u00e0riament decideixen fer-ho.<\/p>\n\n\n\n<p>No obstant aix\u00f2, i amb l&#8217;objectiu de garantir l&#8217;horitzontalitat en les assemblees i evitar inger\u00e8ncies o cooptacions de l&#8217;espai per part de col\u00b7lectius, aquests no podran participar com a tals en les assemblees i resta d&#8217;\u00f2rgans de gesti\u00f3 de l&#8217;espai. En cas que sigui necessari tractar algun tema o conflicte amb algun col\u00b7lectiu, aquesta conversa es realitzar\u00e0 en relaci\u00f3 d&#8217;igualtat entre la Cin\u00e8tika i el col\u00b7lectiu, generant-se un espai a part de l&#8217;assemblea general del centre social, a la qual totes dues parts acudiran a expressar els seus arguments representant al conjunt de tots dos projectes. Si que poden participar en les assemblea i resta d&#8217;\u00f2rgans de gesti\u00f3 de la Cin\u00e8tika, per contra, persones que pertanyi a un col\u00b7lectiu sempre que ho facin a t\u00edtol individual, i no per a traspassar o representar al seu col\u00b7lectiu.<\/p>\n\n\n\n<p>Els partits pol\u00edtics no poden participar ni reunir-se en la Cin\u00e8tika.<\/p>\n\n\n\n<p>Finalment, malgrat tot l&#8217;anteriorment exposat som conscients de l&#8217;exist\u00e8ncia de diferents estructures d&#8217;opressi\u00f3 i din\u00e0miques grupals que afavoreixen l&#8217;aparici\u00f3 de rols de poder informals. Tamb\u00e9 som conscients que moltes vegades tamb\u00e9 es generen aquests rols informals per la sobrec\u00e0rrega de treball que unes certes persones assumeixen per la falta d&#8217;implicaci\u00f3 de la resta. Per aix\u00f2, des de la Cin\u00e8tika intentem estar atentxs a aquesta mena de din\u00e0miques i millorar els mecanismes d&#8217;organitzaci\u00f3 de manera cont\u00ednua per a caminar cap a una horitzontalitat cada vegada m\u00e9s real. Per aix\u00f2, fem tamb\u00e9 una crida a la responsabilitat individual de les persones implicades en l&#8217;espai a identificar i canviar les actituds pr\u00f2pies que puguin derivar en la generaci\u00f3 d&#8217;aquesta mena de din\u00e0miques.<\/p>\n\n\n\n<p><\/p>\n\n\n\n<p>[CAST] Hemos optado por el asamblearismo como forma de organizaci\u00f3n, ya que pensamos que esta es la opci\u00f3n donde se garantiza una mayor participaci\u00f3n desde la diversidad. Al tomarse las decisiones mediante consenso o adhesiones se busca no imponer una resoluci\u00f3n por encima de las voluntades de otras personas presentes. Para ello, se abren a debate en las asambleas los diferentes temas y se fomenta la exposici\u00f3n de diferentes argumentos, hasta la llegada de un consenso com\u00fan a todas las personas presentes en la asamblea.<\/p>\n\n\n\n<p>Las diferentes individualidades expresan sus acuerdos o desacuerdos con las ideas expresadas por otras personas, a\u00f1adiendo matices u observaciones, que enriquecen los acuerdos finales con consideraciones que no tienen cabida en otros modelos de participaci\u00f3n.<\/p>\n\n\n\n<p>Las bases de la Cin\u00e8tika funcionan como acuerdos fundacionales b\u00e1sicos, que todo individualidad y proyecto debe respetar, para garantizar unos m\u00ednimos organizativos y pol\u00edticos comunes a todas las partes implicadas en el espacio. Estas bases no se pueden modificar, salvo para establecer la ampliaci\u00f3n de determinados posicionamientos pol\u00edticos.<\/p>\n\n\n\n<p>Para garantizar la mayor horizontalidad posible, se ha generado una estructura organizativa basada en roles rotativos y canales de comunicaci\u00f3n oficiales. De esta manera el \u00f3rgano de decisi\u00f3n de la Cin\u00e8tika es la asamblea general que se celebra el primer y el tercer domingo de mes a las 18 h, y de la que penden las comisiones de trabajo y los grupos de trabajo.<\/p>\n\n\n\n<p>Los proyectos de la Cin\u00e8tika est\u00e1n obligados a asistir en las asambleas de gesti\u00f3n del espacio, participar en las diferentes comisiones y grupos de trabajo, as\u00ed como a contribuir en las jornadas de curro y los turnos de limpieza.<\/p>\n\n\n\n<p>Las comisiones de trabajo, son grupos con car\u00e1cter permanente y estables en el tiempo que llevan a cabo tareas tem\u00e1ticas concretas:<\/p>\n\n\n\n<ul class=\"wp-block-list\">\n<li>Comisi\u00f3n de mantenimiento<\/li>\n\n\n\n<li>Comisi\u00f3n de comunicaci\u00f3n<\/li>\n\n\n\n<li>Comisi\u00f3n de dinamizaci\u00f3n<\/li>\n\n\n\n<li>Comisi\u00f3n de agitaci\u00f3n<\/li>\n\n\n\n<li>Comisi\u00f3n de g\u00e9nero<\/li>\n<\/ul>\n\n\n\n<p>Estas comisiones est\u00e1n formadas por personas de los diferentes proyectos de la Cin\u00e8tika que rotan (idealmente) una vez al a\u00f1o. Se establecer\u00e1 un periodo de varios meses para asegurar el traspaso de aprendizajes a las nuevas personas integrantes de la rotaci\u00f3n.<\/p>\n\n\n\n<p>Los grupos de trabajo, son por el contrario grupos de car\u00e1cter temporal, que desaparecen una vez que se haya cumplido el objetivo por el que se crearon, y que tambi\u00e9n est\u00e1n formados por personas de los diferentes proyectos.<\/p>\n\n\n\n<p>Adem\u00e1s de las asambleas generales, podr\u00e1n programarse asambleas extraordinarias para debatir temas concretos, que, por su complejidad, importancia, la existencia de un disenso bloqueado o el requerimiento de un mayor tiempo de debate y reflexi\u00f3n, necesitan de la dedicaci\u00f3n de asamblea en exclusiva. Estas asambleas se programar\u00e1n en los domingos en los que no est\u00e9 programada una asamblea general ordinaria.<\/p>\n\n\n\n<p>Con el objetivo de evitar la reapertura de debates recientes, de garantizar la rotaci\u00f3n de los roles y de hacer traspaso y valoraci\u00f3n de la actividad del a\u00f1o anterior, cada a\u00f1o a comienzos del curso escolar se realizan unas jornadas anuales internas. Los acuerdos tomados en estas jornadas tienen vocaci\u00f3n de permanencia en el tiempo, al menos durante el a\u00f1o siguiente a su establecimiento, no pudi\u00e9ndose debatir de nuevo, hasta las siguientes jornadas anuales.<\/p>\n\n\n\n<p>Finalmente, la participaci\u00f3n en la Cin\u00e8tika se vehicula a trav\u00e9s de tres categor\u00edas diferentes:<\/p>\n\n\n\n<ul class=\"wp-block-list\">\n<li>Individualidades: son las personas que deciden participar en el espacio, bien a trav\u00e9s de su vinculaci\u00f3n a un proyecto, o bien participando directamente en la asamblea general y sus comisiones. No podr\u00e1n participar en las asambleas de la Cin\u00e8tika individualidades adscritas a ning\u00fan partido pol\u00edtico o cargo de representaci\u00f3n.<\/li>\n<\/ul>\n\n\n\n<p>Todo y que las asambleas generales de gesti\u00f3n del espacio son abiertas a cualquier individualidad que lo desee y que cumpla con los criterios anteriores, independientemente de que esta forme parte de un proyecto, se hace un llamamiento a la responsabilidad de dichas individualidades, invit\u00e1ndolas a que se integren en alguno de los proyectos, con el objetivo de evitar personas con roles permanentes de gesti\u00f3n, desconectadas de la actividad cotidiana del espacio y la acumulaci\u00f3n de poder que esto puede llegar a generar.<\/p>\n\n\n\n<ul class=\"wp-block-list\">\n<li>Proyectos: son las iniciativas de actividades regulares que se llevan a cabo en la Cin\u00e8tika, est\u00e1n formadas por individualidades, la participaci\u00f3n es libre y gratuita, y deben respetar e ir acordes al resto de las bases del espacio. Los proyectos deben participar en las asambleas y el resto de \u00f3rganos de gesti\u00f3n del espacio.<\/li>\n<\/ul>\n\n\n\n<ul class=\"wp-block-list\">\n<li>Colectivos: La Cin\u00e8tika, tiene la intenci\u00f3n de fomentar los proyectos pol\u00edticos de militancia de base afines a los valores del espacio. Por esto, se ofrece a diferentes colectivos la oportunidad de utilizar la Cin\u00e8tika como espacio de reuni\u00f3n y de realizaci\u00f3n de sus actividades. Los colectivos que se re\u00fanan en la Cin\u00e8tika, quedan exentos de participar en las rondas de limpieza y las jornadas de curro, para evitar una sobrecarga de trabajo a mayores de su actividad pol\u00edtica, aunque pueden participar si voluntariamente deciden hacerlo.<\/li>\n<\/ul>\n\n\n\n<p>Sin embargo, y con el objetivo de garantizar la horizontalidad en las asambleas y evitar injerencias o cooptaciones del espacio por parte de colectivos, estos no podr\u00e1n participar como tales en las asambleas y resto de \u00f3rganos de gesti\u00f3n del espacio. En caso de que sea necesario tratar alg\u00fan tema o conflicto con alg\u00fan colectivo, esta conversaci\u00f3n se realizar\u00e1 en relaci\u00f3n de igualdad entre la Cin\u00e8tika y el colectivo, gener\u00e1ndose un espacio a parte de la asamblea general del centro social, a la cual ambas partes acudir\u00e1n a expresar sus argumentos representando al conjunto de ambos proyectos. Si que pueden participar en las asamblea y resto de \u00f3rganos de gesti\u00f3n de la Cin\u00e8tika, por el contrario, personas que pertenezca a un colectivo siempre que lo hagan a t\u00edtulo individual, y no para traspasar o representar a su colectivo.<\/p>\n\n\n\n<p>Los partidos pol\u00edticos no pueden participar ni reunirse en la Cin\u00e8tika. Finalmente, a pesar de todo lo anteriormente expuesto somos conscientes de la existencia de diferentes estructuras de opresi\u00f3n y din\u00e1micas grupales que favorecen la aparici\u00f3n de roles de poder informales. Tambi\u00e9n somos conscientes de que muchas veces tambi\u00e9n se generan estos roles informales por la sobrecarga de trabajo que ciertas personas asumen por la falta de implicaci\u00f3n del resto. Por ello, desde la Cin\u00e8tika intentamos estar atentxs a este tipo de din\u00e1micas y mejorar los mecanismos de organizaci\u00f3n de manera continua para caminar hacia una horizontalidad cada vez m\u00e1s real. Por ello, hacemos tambi\u00e9n un llamamiento a la responsabilidad individual de las personas implicadas en el espacio a identificar y cambiar las actitudes propias que puedan derivar en la generaci\u00f3n de este tipo de din\u00e1micas.<\/p>\n","protected":false},"excerpt":{"rendered":"<div class=\"mh-excerpt\"><p>[CAT] Hem optat pel assemblearismo com a forma d&#8217;organitzaci\u00f3, ja que pensem que aquesta \u00e9s l&#8217;opci\u00f3 on es garanteix una major participaci\u00f3 des de la diversitat. En prendre&#8217;s les decisions mitjan\u00e7ant consens o adhesions es busca no imposar una resoluci\u00f3 per sobre de les voluntats d&#8217;altres persones presents. Per a <a class=\"mh-excerpt-more\" href=\"https:\/\/blogs.sindominio.net\/lacinetika\/assemblearisme-i-horitzontalitat\/\" title=\"ASSEMBLEARISME I HORITZONTALITAT\">[&#8230;]<\/a><\/p>\n<\/div>","protected":false},"author":261,"featured_media":0,"parent":0,"menu_order":0,"comment_status":"closed","ping_status":"closed","template":"","meta":{"footnotes":""},"class_list":["post-25718","page","type-page","status-publish","hentry"],"jetpack_sharing_enabled":true,"_links":{"self":[{"href":"https:\/\/blogs.sindominio.net\/lacinetika\/wp-json\/wp\/v2\/pages\/25718","targetHints":{"allow":["GET"]}}],"collection":[{"href":"https:\/\/blogs.sindominio.net\/lacinetika\/wp-json\/wp\/v2\/pages"}],"about":[{"href":"https:\/\/blogs.sindominio.net\/lacinetika\/wp-json\/wp\/v2\/types\/page"}],"author":[{"embeddable":true,"href":"https:\/\/blogs.sindominio.net\/lacinetika\/wp-json\/wp\/v2\/users\/261"}],"replies":[{"embeddable":true,"href":"https:\/\/blogs.sindominio.net\/lacinetika\/wp-json\/wp\/v2\/comments?post=25718"}],"version-history":[{"count":1,"href":"https:\/\/blogs.sindominio.net\/lacinetika\/wp-json\/wp\/v2\/pages\/25718\/revisions"}],"predecessor-version":[{"id":25720,"href":"https:\/\/blogs.sindominio.net\/lacinetika\/wp-json\/wp\/v2\/pages\/25718\/revisions\/25720"}],"wp:attachment":[{"href":"https:\/\/blogs.sindominio.net\/lacinetika\/wp-json\/wp\/v2\/media?parent=25718"}],"curies":[{"name":"wp","href":"https:\/\/api.w.org\/{rel}","templated":true}]}}