{"id":2000,"date":"2017-03-06T11:31:38","date_gmt":"2017-03-06T11:31:38","guid":{"rendered":"https:\/\/lacinetika.wordpress.com\/?page_id=2000"},"modified":"2026-04-20T13:33:47","modified_gmt":"2026-04-20T11:33:47","slug":"proposta-dactivitats","status":"publish","type":"page","link":"https:\/\/blogs.sindominio.net\/lacinetika\/proposta-dactivitats\/","title":{"rendered":"PROPOSTA D&#8217;ACTIVITATS"},"content":{"rendered":"<hr \/>\n<h3 lang=\"ca-ES\" align=\"CENTER\">Informaci\u00f3 General per a presentar una proposta a La Cin\u00e8tika:<\/h3>\n<hr \/>\n<h5 align=\"JUSTIFY\"><\/h5>\n<p align=\"JUSTIFY\">A La Cin\u00e8tika ens agradaria crear xarxes basades en l\u2019autogesti\u00f3 i la solidaritat, fomentant les relacions directes i personals, \u00e9s per aquest motiu que demanem que les persones que vulguin proposar una activitat vinguin a fer-ho en persona al primer bloc de l&#8217;assemblea de gesti\u00f3 de l\u2019espai, la qual t\u00e9 lloc el <strong>primer i el tercer diumenge de cada mes a les 18h<\/strong>.<\/p>\n<p style=\"text-align: center\" align=\"JUSTIFY\"><strong>Abans de venir, contesteu aquest <a href=\"https:\/\/my.liberaforms.org\/propostes-externes-de-la-cinetika\" target=\"_blank\" rel=\"noopener\">FORMULARI<\/a>.<\/strong><\/p>\n<p align=\"JUSTIFY\">Per contactar-nos o si teniu dubtes:<\/p>\n<ul>\n<li>Si la teva proposta es de <strong>caire general<\/strong>, e<span lang=\"ca-ES\">scriu-nos<\/span><span lang=\"ca-ES\"> a <\/span><a href=\"mailto:propostes_externes_lacinetika@riseup.net\"><span lang=\"ca-ES\">propostes_externes_lacinetika@riseup.net<\/span><\/a><\/li>\n<li>Si la teva proposta est\u00e0 relacionada amb <strong>l\u2019espai del gimn\u00e0s<\/strong>, presenta-la directament a l\u2019assemblea del gimn\u00e0s.<br \/>\nPregunta\u2019ns quan \u00e9s la propera directament a <a href=\"mailto:gim-lacinetika@riseup.net\" target=\"_blank\" rel=\"noopener\">gim-lacinetika@riseup.net<\/a> o al correu de La Cin\u00e8tika, <a href=\"mailto:lacinetika@riseup.net\">lacinetika@riseup.net<\/a><\/li>\n<\/ul>\n<p>Com a recordatori: plantejar activitats a La Cin\u00e8tika comporta respectar el centre social i les seves <a href=\"https:\/\/blogs.sindominio.net\/lacinetika\/acerca-de\/\" target=\"_blank\" rel=\"noopener\">bases de funcionament<\/a> aix\u00ed com deixar els espais comuns (cuina, lavabos, etc\u2026) i l\u2019espai utilitzat nets i recollits.<\/p>\n<p align=\"JUSTIFY\">T\u2019esperem! Gr\u00e0cies!<\/p>\n<hr \/>\n<h3 align=\"CENTER\"><span lang=\"ca-ES\">Preguntes freq\u00fcents<\/span><\/h3>\n<hr \/>\n<h4><em><strong><span style=\"color: #000000\">Com s\u00e9 si la meva proposta \u00e9s compatible amb l&#8217;espai o no?<\/span><\/strong><\/em><\/h4>\n<p><span style=\"color: #000000\">Si la teva proposta t\u00e9 algun dels seg\u00fcents requisits demanar\u00edem directament no presentar-la:<\/span><\/p>\n<ul>\n<li>Propostes d\u2019autoocupaci\u00f3 o protoocupaci\u00f3.<\/li>\n<li>Propostes que rebin diners p\u00fablics o de partits pol\u00edtics.<br \/>\n(Tens m\u00e9s detalls m\u00e9s avall sobre els acords de l&#8217;assemblea en quant a l&#8217;autoocupaci\u00f3 i propostes que rebin subvencions)<\/li>\n<li>Propostes que no s\u00f3n coherents amb un Centre Social Okupat feminista, aut\u00f2nom, anticapitalista, antiespecista i antiracista.<\/li>\n<li>Propostes que coincideixen amb les assemblees de gesti\u00f3 els 1ers i 3ers diumenges del mes a les 18.00. Volem que tothom pugui participar d&#8217;aquesta i generar un ambient de treball adequat \ud83d\ude42<\/li>\n<li>Propostes que incloguin consum d\u2019alcohol, drogues, menjar d\u2019origen animal.<\/li>\n<li>Propostes que acabin despr\u00e9s de les 23:00.<\/li>\n<\/ul>\n<h4><em><strong><span style=\"color: #000000\">Com puc presentar la proposta de la millor manera possible el dia de l&#8217;assemblea?<\/span><\/strong><\/em><\/h4>\n<p>Un cop a l&#8217;assemblea et demanar\u00edem que expliquessis la proposta en dos\/tres minuts incloent:<\/p>\n<ul>\n<li><strong>Tem\u00e0tica i format<\/strong>.<\/li>\n<li><strong>Qu\u00e8 necessiteu de l&#8217;espai<\/strong> (lloc, material t\u00e8cnic, etc). Un rider t\u00e8cnic, en cas necessari, ajudaria.<\/li>\n<li><strong>Data i hora<\/strong> de l\u2019activitat. Pots portar m\u00e9s d&#8217;una proposta de data per a estar m\u00e9s seguris. Si s\u00f3n unes jornades ajudaria portar graella amb horaris detallats.<\/li>\n<\/ul>\n<h4><em><strong>No conec l&#8217;espai a fons, com sabr\u00e9 on \u00e9s cada cosa?<\/strong><\/em><\/h4>\n<p>Per a que la proposta tiri endavant ha de sortir una persona de l&#8217;espai per a amadrinar-la, la qual s&#8217;encarregar\u00e0 d&#8217;acompanyar-te, donar-te suport i aclarir-te dubtes sobre l&#8217;espai.<\/p>\n<p>Com que \u00e9s necessari que surti una persona per fer l&#8217;amadrinament, el dia de l&#8217;assemblea es preguntar\u00e0 si alg\u00fa se&#8217;n vol encarregar i en cas que no surti cap persona en aquell moment es preguntar\u00e0 despr\u00e9s a la llista interna. En cas que no es trobi persona per amadrinar l&#8217;activitat, aquesta no podr\u00e0 fer-se.<\/p>\n<h4><em><b>Puc cobrar entrada per a la meva activitat?<\/b><\/em><\/h4>\n<p>A La Cin\u00e8tika volem generar oci alternatiu i considerem que tothom ha de poder gaudir-ne independentment de si t\u00e9 recursos econ\u00f2mics o no, per la qual cosa totes les activitats s\u00f3n a preu\/entrada lliure\/taquilla inversa. De tots els diners obtinguts, com <span style=\"color: #000000\">a m\u00ednim el 10% han d&#8217;anar a una de les dos caixes:<\/span><\/p>\n<ul>\n<li><span style=\"color: #000000\">Caixa general de La Cin\u00e8tika: S&#8217;usa per a poder cobrir necessitats de l&#8217;espai com ara paper de water, productes de neteja, comprar bombetes noves etc&#8230;<\/span><\/li>\n<li><span style=\"color: #000000\">Caixa de resist\u00e8ncia de La Cin\u00e8tika: La seva finalitat \u00e9s la de fer front a despeses que la repressi\u00f3 pugui generar com ara despeses judicials.<\/span><\/li>\n<\/ul>\n<h4><em><strong><span style=\"color: #000000\"><b>Com puc fer difusi\u00f3 de la meva activitat?<\/b><\/span><\/strong><\/em><\/h4>\n<p><span style=\"color: #000000\">Demanarem que ens envi\u00efs un cartell (en el que haur\u00e0 de constar el logo i l&#8217;adre\u00e7a de La Cin\u00e8tika) i un text explicatiu per a poder fer difusi\u00f3 als nostres canals (Blog, Telegram i Mastodon)<\/span><span style=\"color: #000000\">. <\/span><span style=\"color: #000000\">Si addicionalment vols fer difusi\u00f3 pels teus canals ets m\u00e9s que benvingudi, nom\u00e9s demanar\u00edem evitar canals institucionals.<\/span><\/p>\n<h4><em><strong><span style=\"color: #000000\">Necessito m\u00e9s informaci\u00f3 sobre els acords d&#8217;autoocupaci\u00f3 o propostes que reben subvencions:<\/span><\/strong><\/em><\/h4>\n<p>A continuaci\u00f3 adjuntem els acords als que hem arribat com a espai. El debat entorn al criteri que seguim com a espai per a la realitzaci\u00f3 d\u2019activitats a La Cin\u00e8tika neix de la necessitat de mantenir una coher\u00e8ncia entre els valors i mecanismes de funcionament interns i aquelles propostes que ens arriben des de fora de l&#8217;espai.<\/p>\n<p>En aquest sentit, cal recordar que un dels objectius de La Cin\u00e8tika \u00e9s fomentar l\u2019acc\u00e9s lliure a les activitats i a la cultura, fomentar la creaci\u00f3 i enfortiment de projectes aut\u00f2noms que no depenguin d\u2019institucions ni empreses. La Cin\u00e8tika ha de ser un espai obert i del qual no se\u2019n faci un \u00fas privat<br \/>\nni privatiu per extreure beneficis directes ni indirectes, sin\u00f3 per compartir el que es crea i que aix\u00f2 tingui una incid\u00e8ncia pol\u00edtica, que contribueixi al nostre projecte i als valors que defensem.<\/p>\n<hr \/>\n<h3><strong>Redacci\u00f3 d\u2019acords sobre autoocupaci\u00f3 i finan\u00e7ament:<\/strong><\/h3>\n<p>Pel que fa al tema d\u2019autoocupaci\u00f3 i finan\u00e7ament amb subvencions de propostes i activitats que es fan a La Cin\u00e8tika, s\u2019ha vist la necessitat de tornar a tenir aquest debat per afinar els acords col\u00b7lectius i els matisos que aquests plantejaven. <b>Fins ara l\u2019acord era simple: no autoocupaci\u00f3 i no subvencions. No obstant aix\u00f2, el dia a dia de l&#8217;espai ha anat plantejant la necessitat de definir millor en qu\u00e8 es tradueix aix\u00f2 a la pr\u00e0ctica<\/b>. Despr\u00e9s de ser debatut en una assemblea general, s\u2019ha arribat a els acords seg\u00fcents, que s\u00f3n vinculants a partir d\u2019ara:<\/p>\n<p>Es mant\u00e9 l\u2019acord de no permetre activitats d\u2019autoocupaci\u00f3 o finan\u00e7ades per les institucions p\u00fabliques en general, per\u00f2 es matisa el seg\u00fcent per als casos que generin dubtes a l\u2019assemblea:<\/p>\n<ol>\n<li>\u00a0En el cas de propostes a iniciativa de la pr\u00f2pia Cin\u00e8tika i per la identificaci\u00f3 d\u2019una necessitat pol\u00edtica del mateix, mancant altres opcions autogestionades i aut\u00f2nomes a l&#8217;abast, s&#8217;estableix que es podr\u00e0 rec\u00f3rrer a entitats que sigui iniciatives d\u2019autoocupaci\u00f3 o subvencionades per a temes com a formacions, tallers i altres activitats que facilitin l\u2019aprenentatge col\u00b7lectiu de les persones de la Cin\u00e8tika, i nom\u00e9s pel que fa a temes que s\u2019hagin identificat d\u2019inter\u00e8s a nivell pol\u00edtic per l\u2019assemblea general, o que s\u2019entenguin com a inter\u00e8s pol\u00edtic per a l&#8217;espai.Per facilitar la comprensi\u00f3, un exemple seria el cas de les formacions sobre acompanyament de viol\u00e8ncies des de la perspectiva del feminisme antipunitivista i la just\u00edcia transformativa que es van fer fa uns anys a c\u00e0rrec d\u2019<em>Urdint la Trama<\/em> i <em>Traficants de Somnis<\/em>.<br \/>\nCom que \u00e9s un tema d\u2019especial inter\u00e8s per l\u2019espai i del que malauradament no \u00e9s f\u00e0cil trobar ni material formatiu ni altres col\u00b7lectius que ho treballin, s\u2019ha recorregut a entitats externes que reben subvencions i\/o s\u00f3n iniciatives d\u2019autoocupaci\u00f3.<br \/>\nUn altre exemple podria ser presentacions de llibres o debats, que es consideren activitats d\u2019aprenentatge col\u00b7lectiu\/formaci\u00f3 pol\u00edtica.<\/li>\n<li>En el cas de les propostes externes que arriben a la Cin\u00e8tika, s&#8217;estableix que tampoc podran ser iniciatives d\u2019autoocupaci\u00f3 o subvencionades, excepte per a aquelles activitats que valorant-se en assemblea considerem estrat\u00e8giques a nivell pol\u00edtic com poden ser presentacions, debats, projeccions i fires de llibres, visites de CAUS i altres agrupacions infantils\/juvenils, etc. i en general les activitats la finalitat de les quals no sigui l\u2019obtenci\u00f3 d\u2019un benefici (econ\u00f2mic o de promoci\u00f3) per a les entitats que les proposen, si i nom\u00e9s si: (Han de complir-se les dues condicions) o s\u00f3n propostes de col\u00b7lectius o entitats amb principis afins a La Cin\u00e8tika o i nom\u00e9s si ajuden a la difusi\u00f3 dels principis que defensem des de La Cin\u00e8tika (autogesti\u00f3, anticapitalisme, transfeminisme, autonomia, antipunitivisme, antifeixisme, suport a causes solid\u00e0ries amb altres lluites afins, etc.). Dins aquestes excepcions estarien tamb\u00e9 la compra de subministraments necessaris per a la superviv\u00e8ncia i l\u2019autogesti\u00f3 de l\u2019espai, \u00e9s a dir, que el marge de beneficis entre el preu de cost i el preu de venda serveix per finan\u00e7ar La Cin\u00e8tika i\/o l\u2019autogesti\u00f3 dels projectes (ingredients per a p\u00e8rgoles, material de manteniment, begudes, llibres, etc.).<br \/>\nCom a exemples il\u00b7lustratius d\u2019aquesta casu\u00edstica:<\/p>\n<ul>\n<li>Podria ser acceptada una proposta externa de la projecci\u00f3 d\u2019un documental antifeixista (com el dels Maquis) a La Cin\u00e8tika, doncs entenem que la fi del documental i la seva projecci\u00f3 \u00e9s la de difondre les idees antifeixistes i de resist\u00e8ncia, encara que s\u2019hagin demanat subvencions per a la realitzaci\u00f3 del mateix.<\/li>\n<li>Es pot acceptar una descoberta d\u2019un CAU a la Cin\u00e8tika encara que rebin subvencions perqu\u00e8 considerem pol\u00edticament interessant que gent jove vingui a l\u2019espai i conegui qu\u00e8 fem i els principis pol\u00edtics que ho mouen.<\/li>\n<li>No podria ser acceptada una proposta de realitzar tallers de ioga com prova de negoci posterior o promoci\u00f3 d\u2019altres tallers realitzats per la mateixa gent, encara que sigui amb un altre nom, fora de l\u2019espai i cobrant.<br \/>\nAix\u00f2 \u00e9s aplicable a tot (formacions, concerts, grups de m\u00fasica, projeccions, etc.), per exemple, si l&#8217;<em>Escola d&#8217;economia cr\u00edtica<\/em> decid\u00eds constituir-se en cooperativa i oferir formacions d\u2019economia fora de l\u2019espai cobrant, per\u00f2 volgu\u00e9s mantenir altres formacions a La Cin\u00e8tika sense cobrar, no es permetria, ja que estaria utilitzant La Cin\u00e8tika per a difusi\u00f3 del seu negoci o projecte d\u2019autoocupaci\u00f3 (\u00e9s el que s\u2019anomena estrat\u00e8gia de pol\u00b7linitzaci\u00f3 en m\u00e0rqueting o l\u2019objectiu de la Responsabilitat Social Corporativa d\u2019empreses com la Caixa a trav\u00e9s de la fundaci\u00f3).<br \/>\nSobre aix\u00f2 s\u2019estableixen tamb\u00e9 una s\u00e8rie d\u2019acords concrets respecte a com afinar les decisions a les assemblees:<\/p>\n<ul>\n<li>A les preguntes sobre si es rep finan\u00e7ament p\u00fablic o si s\u00f3n iniciatives d\u2019autoocupaci\u00f3, se li afegir\u00e0 la pregunta: \u201cE<em>n algun moment esperes poder viure o treballar de la iniciativa que ens proposes?<\/em>\u201d.<br \/>\nAquesta pregunta s\u2019estableix amb l\u2019objectiu d\u2019evitar propostes que vulguin fer servir la Cin\u00e8tika com a trampol\u00ed a l\u2019autoocupaci\u00f3 o l\u2019activitat empresarial; conscients que sempre hi pot haver casos que no comencin amb aquest objectiu, per\u00f2 amb el temps acabin desenvolupant-se aix\u00ed.<br \/>\nEntenem que la gent pot mentir o intentar colar-nos-la, aix\u00f2 sempre \u00e9s una possibilitat, per\u00f2:<\/p>\n<ul>\n<li>El descobriment d\u2019una proposta o projecte que hi hagi mentit sobre aquests temes, no ha de suposar excusa per no aplicar aquest criteri a altres iniciatives.<\/li>\n<li>La persona que amadrini el projecte o proposta comunicar\u00e0 al projecte el descobriment de la mentida a quant se s\u00e0piga informant sobre la impossibilitat de realitzar l&#8217;activitat en conseq\u00fc\u00e8ncia. Si el descobriment es realitza amb posterioritat a l\u2019activitat es parlar\u00e0 amb ellis igualment.<\/li>\n<li>Sempre s\u2019ha de posar en coneixement de l\u2019assemblea descobriment d\u2019aquests fets perqu\u00e8 tothom sigui conscient.Es fa una crida a la responsabilitat individual i col\u00b7lectiva a les persones que formen part de La Cin\u00e8tika i, o b\u00e9 tenen amiguis que v\u00e9nen a proposar alguna cosa (sent iniciatives d\u2019autoocupaci\u00f3, subvencionades o amb aspiraci\u00f3 a qualsevol de les dues), o b\u00e9 elles tenen projectes (d\u2019autoocupaci\u00f3, subvencionades o amb aspiraci\u00f3 a qualsevol de les dues), perqu\u00e8 elles mateixes assumeixin la impossibilitat de realitzar l\u2019activitat a La Cin\u00e8tika, sense necessitat de posar-hi a l\u2019assemblea a la complicada posici\u00f3 d\u2019haver de negar l\u2019espai a gent coneguda.<br \/>\nIgualment, en aquests casos, l\u2019assemblea es cerciorar\u00e0 de que les propostes compleixen els acords de l\u2019espai, encara que aquestes vinguin de la m\u00e0 d\u2019amics o persones conegudes de l\u2019espai, sense assumir que en passar aix\u00f2 les activitats ja compleixen amb aquests.<\/li>\n<\/ul>\n<\/li>\n<\/ul>\n<\/li>\n<li>Pel que fa al marxandatge de grups (samarretes, discos, etc), es posaran els preus recomanats, sent aquests orientatius i facilitant la venda a un altre preu per a persones que no puguin assumir-los, i sempre que aquests diners vagin destinats al manteniment de grup o projecte, no per fer autoocupaci\u00f3 o d&#8217;obtenir beneficis.<\/li>\n<li>Amb la intenci\u00f3 de facilitar l\u2019activitat d\u2019iniciatives i col\u00b7lectius pol\u00edtics que demanin l\u2019espai, i sempre que aquests no siguin ni empreses, ni entitats d\u2019autoocupaci\u00f3, o subvencionats, es mantenen la possibilitat per a ells de venda de material i altres formes d\u2019autogesti\u00f3 que vagin d\u2019acord amb les pol\u00edtiques de preus lliures i amb la voluntat, taquilla inversa, etc. que ja es posava en pr\u00e0ctica fins ara.<\/li>\n<li>Tenint en compte tot aix\u00f2, es considera important mantenir el esperit obert de l\u2019espai a la recepci\u00f3 de propostes, aquesta no ha de partir de la sospita i el prejudici, sin\u00f3 de la convicci\u00f3 en els nostres valors i l\u2019aposta pel foment, suport i creaci\u00f3 de cultura pol\u00edtica, aut\u00f2noma i de base.<\/li>\n<\/ul>\n<\/li>\n<\/ol>\n<p>Gr\u00e0cies per haver arribat fins aqu\u00ed!<\/p>\n","protected":false},"excerpt":{"rendered":"<div class=\"mh-excerpt\"><p>Informaci\u00f3 General per a presentar una proposta a La Cin\u00e8tika: A La Cin\u00e8tika ens agradaria crear xarxes basades en l\u2019autogesti\u00f3 i la solidaritat, fomentant les relacions directes i personals, \u00e9s per aquest motiu que demanem que les persones que vulguin proposar una activitat vinguin a fer-ho en persona al primer <a class=\"mh-excerpt-more\" href=\"https:\/\/blogs.sindominio.net\/lacinetika\/proposta-dactivitats\/\" title=\"PROPOSTA D&#8217;ACTIVITATS\">[&#8230;]<\/a><\/p>\n<\/div>","protected":false},"author":261,"featured_media":0,"parent":0,"menu_order":0,"comment_status":"closed","ping_status":"closed","template":"template-full.php","meta":{"footnotes":""},"class_list":["post-2000","page","type-page","status-publish","hentry"],"jetpack_sharing_enabled":true,"_links":{"self":[{"href":"https:\/\/blogs.sindominio.net\/lacinetika\/wp-json\/wp\/v2\/pages\/2000","targetHints":{"allow":["GET"]}}],"collection":[{"href":"https:\/\/blogs.sindominio.net\/lacinetika\/wp-json\/wp\/v2\/pages"}],"about":[{"href":"https:\/\/blogs.sindominio.net\/lacinetika\/wp-json\/wp\/v2\/types\/page"}],"author":[{"embeddable":true,"href":"https:\/\/blogs.sindominio.net\/lacinetika\/wp-json\/wp\/v2\/users\/261"}],"replies":[{"embeddable":true,"href":"https:\/\/blogs.sindominio.net\/lacinetika\/wp-json\/wp\/v2\/comments?post=2000"}],"version-history":[{"count":23,"href":"https:\/\/blogs.sindominio.net\/lacinetika\/wp-json\/wp\/v2\/pages\/2000\/revisions"}],"predecessor-version":[{"id":27953,"href":"https:\/\/blogs.sindominio.net\/lacinetika\/wp-json\/wp\/v2\/pages\/2000\/revisions\/27953"}],"wp:attachment":[{"href":"https:\/\/blogs.sindominio.net\/lacinetika\/wp-json\/wp\/v2\/media?parent=2000"}],"curies":[{"name":"wp","href":"https:\/\/api.w.org\/{rel}","templated":true}]}}